{"id":2462,"date":"2019-03-11T17:38:01","date_gmt":"2019-03-11T20:38:01","guid":{"rendered":"https:\/\/ies1-caba.infd.edu.ar\/sitio\/?page_id=2462"},"modified":"2019-03-11T17:38:01","modified_gmt":"2019-03-11T20:38:01","slug":"historia-de-mujeres-que-abrieron-caminos","status":"publish","type":"page","link":"https:\/\/ies1-caba.infd.edu.ar\/sitio\/historia-de-mujeres-que-abrieron-caminos\/","title":{"rendered":"Historia de Mujeres que abrieron caminos"},"content":{"rendered":"<p><span style=\"color: #800080;\"><strong>Alicia Moreau de Justo:<\/strong><\/span>\u00a0mujer pol\u00edtica, defensora de los derechos humanos, pacifista y una de las primeras m\u00e9dicas de la Argentina<\/p>\n<p><span class=\"fullwidth\"><img decoding=\"async\" class=\"fullwidth aligncenter\" src=\"http:\/\/www.diarionorte.com\/content\/bucket\/4\/56014w620h450c.jpg\" alt=\"\" \/>\u00a0<\/span><\/p>\n<p>Fue una de las m\u00e1s fervientes defensoras de los derechos de la mujer, que presidi\u00f3 la Conferencia por la Paz de Am\u00e9rica y fund\u00f3 la Uni\u00f3n Feminista Nacional.<\/p>\n<p>Tambi\u00e9n estuvo al frente de la Confederaci\u00f3n Socialista Argentina, de la Fundaci\u00f3n Juan B. Justo y de la Asociaci\u00f3n Pro-Sufragio Femenino.<\/p>\n<p>Pero su muerte, cuando ten\u00eda 100 a\u00f1os, pas\u00f3 desapercibida e incluso, en la actualidad, no se conocen a ciencia cierta las causas de su muerte ni el lugar donde se encuentran sus restos, ya que su familia prefiri\u00f3 mantener en secreto esa informaci\u00f3n.<\/p>\n<p><img decoding=\"async\" class=\"left pic\" src=\"http:\/\/www.diarionorte.com\/content\/photos\/generated\/3\/56013_p.jpg\" alt=\"\" \/>`La mujer en democracia\u2019 y `El socialismo seg\u00fan Juan B. Justo\u2019 son algunos de los t\u00edtulos que integran su trayectoria como escritora, que se extendi\u00f3, adem\u00e1s, con la direcci\u00f3n de revistas femeninas.<\/p>\n<p class=\"columna_izquierda_verde\"><strong>Su militancia pol\u00edtica<\/strong><\/p>\n<p>Una biblioteca repleta de literatura socialista y un padre fuertemente identificado con la causa del partido, precipitaron el ingreso de Alicia Moreau de Justo en la militancia pol\u00edtica.<\/p>\n<p>Lejos ya del legado paterno, desafi\u00f3 a las tradiciones morales de la \u00e9poca con su escepticismo frente al matrimonio y el cultivo de un amor\u00edo en calidad de amante con uno de los principales referentes de este movimiento pol\u00edtico. Sin caer en fanatismos, Moreau de Justo supo cargar con las banderas del feminismo proponiendo una nueva interpretaci\u00f3n de sus bases.<\/p>\n<p>`La mujer se libera junto al hombre y no contra \u00e9l\u00b4, as\u00ed explic\u00f3 su adhesi\u00f3n al movimiento quien propuls\u00f3 la integraci\u00f3n de la mujer en la votaci\u00f3n pol\u00edtica. `Siempre cre\u00ed que este pa\u00eds merec\u00eda ser distinto. Que un d\u00eda \u00edbamos a unirnos todos y el destino cambiar\u00eda\u201d.<\/p>\n<p><img decoding=\"async\" class=\"right pic\" src=\"http:\/\/www.diarionorte.com\/content\/photos\/generated\/2\/56012_p.jpg\" alt=\"\" \/>Esta frase, sintetiza el esp\u00edritu de quien fuera distinguida en 1985 como mujer del a\u00f1o.<\/p>\n<p class=\"columna_izquierda_verde\"><strong>Juventud, feminismo, socialismo y humanismo<\/strong><\/p>\n<p>Realiz\u00f3 sus estudios secundarios en la Escuela Normal N\u00ba 1 donde conoci\u00f3 a Hip\u00f3lito Yrigoyen, quien ense\u00f1aba all\u00ed como profesor de filosof\u00eda y que en 1916 fue el primer presidente de Argentina elegido mediante el voto secreto, universal y obligatorio.<\/p>\n<p>Moreau en 1900 cuestion\u00f3 severamente la participaci\u00f3n de Yrigoyen en los levantamientos militares impulsados por la Uni\u00f3n C\u00edvica Radical.<\/p>\n<p>Luchadora incansable por los derechos humanos y la reivindicaci\u00f3n del g\u00e9nero femenino, Alicia Moreau de Justo fue una de las primeras mujeres en integrarse al quehacer pol\u00edtico argentino.<\/p>\n<p>En 1902 cre\u00f3 junto a otras compa\u00f1eras `El Centro Socialista Feminista` y `La Uni\u00f3n Gremial Femenina`, construyendo las bases para el reconocimiento de igualdad de la mujer en la sociedad Argentina.<\/p>\n<p>Alicia cre\u00eda que era `necesario combatir el dolor humano`, como confes\u00f3 al ser proclamada Ia m\u00e9dica argentina del siglo`, poco antes de su muerte.<\/p>\n<p>Comenz\u00f3 su actividad intelectual en el Foro de Libre Pensamiento en 1906, con un trabajo sobre educaci\u00f3n y ese mismo a\u00f1o fund\u00f3 el centro feminista.<\/p>\n<p>Para llegar a comprender su compromiso social hay que tener en cuenta actos personales de gran volumen como sus luchas por los derechos de la mujer como tambi\u00e9n las charlas sobre higiene que dictaba en la Sociedad Luz, un centro obrero de Barracas.<\/p>\n<p>Entre sus obras m\u00e1s importantes se encuentran `La mujer en la Democracia`, `El Socialismo seg\u00fan la definici\u00f3n de Juan B. Justo\u201d. Dirigi\u00f3, entre otras, la revista `Vida Femenina`.<\/p>\n<p>Fund\u00f3 la Confederaci\u00f3n Socialista Argentina y la Fundaci\u00f3n Juan B. Justo, la que presidi\u00f3 hasta su muerte. M.D.<\/p>\n<p style=\"text-align: right;\">Fte: diarionorte.com<\/p>\n<p><strong>Historia de Mujeres que abrieron caminos<\/strong><\/p>\n<p>El primer paso para comprender el feminismo y\u00a0no hacerse un l\u00edo con los t\u00e9rminos es conocer su historia.\u00a0<strong>La historia de las mujeres que han luchado a lo largo de la historia por reivindicar la igualdad de derechos entre hombres y mujeres<\/strong>, y de las que han alcanzado una relevancia mundial tan preminente en sus diferentes campos que han agrietado techos de cristal y allanado el camino a las generaciones posteriores. Estas son las cuarenta y nueve que hemos elegido por lo que representaron. Hay muchas m\u00e1s&#8230; y las que quedan por venir.<\/p>\n<h2 style=\"text-align: center;\"><img decoding=\"async\" loading=\"lazy\" class=\"wp-image-2465 aligncenter\" src=\"https:\/\/ies1-caba.infd.edu.ar\/sitio\/wp-content\/uploads\/2019\/03\/2560_3000-1000x952.jpg\" alt=\"\" width=\"668\" height=\"636\" \/><\/h2>\n<h2 style=\"text-align: center;\">Hipatia de Alejandr\u00eda (355-415)<\/h2>\n<p>Hipatia es todo un referente como\u00a0<strong>precursora de la presencia de la mujer en la ciencia<\/strong>. Form\u00f3 parte de la Escuela Neoplat\u00f3nica de Alejandr\u00eda a comienzos del siglo V y destac\u00f3 en los campos de las matem\u00e1ticas y la astronom\u00eda. Fue asesinada por causas que siguen investig\u00e1ndose siglos despu\u00e9s y que han hecho de ella una \u00abm\u00e1rtir de la ciencia\u00bb.<\/p>\n<div class=\"teads-inread\">\n<div class=\"teads-ui-components-credits\"><\/div>\n<\/div>\n<div class=\"article-asset-image article-asset-normal\">\n<div class=\"asset-content\"><img decoding=\"async\" loading=\"lazy\" class=\"centro_sinmarco aligncenter\" src=\"https:\/\/i.blogs.es\/5ef836\/hiparia\/450_1000.png\" srcset=\"https:\/\/i.blogs.es\/5ef836\/hiparia\/450_1000.png 450w, https:\/\/i.blogs.es\/5ef836\/hiparia\/650_1200.png 681w, https:\/\/i.blogs.es\/5ef836\/hiparia\/1024_2000.png 1024w, https:\/\/i.blogs.es\/5ef836\/hiparia\/1366_2000.png 1366w\" alt=\"Hiparia\" width=\"305\" height=\"447\" data-sf-srcset=\"https:\/\/i.blogs.es\/5ef836\/hiparia\/450_1000.png 450w, https:\/\/i.blogs.es\/5ef836\/hiparia\/650_1200.png 681w, https:\/\/i.blogs.es\/5ef836\/hiparia\/1024_2000.png 1024w, https:\/\/i.blogs.es\/5ef836\/hiparia\/1366_2000.png 1366w\" data-sf-src=\"https:\/\/i.blogs.es\/5ef836\/hiparia\/450_1000.png\" \/><\/div>\n<\/div>\n<h2 style=\"text-align: center;\">Hildegarda de Bingen (1098-1179)<\/h2>\n<p>Hildegarda de Bingen, nacida en la actual Alemania hace casi un milenio, es considerada\u00a0<strong>una de las personalidades m\u00e1s polifac\u00e9ticas del Occidente europeo durante la Baja Edad Media<\/strong>. Dotada de una cultura fuera de lo com\u00fan y comprometida en la reforma de la iglesia, es una de las escritoras de mayor producci\u00f3n de su \u00e9poca, adem\u00e1s de haber viajado y haberse enfrentado a algunos de los hombres m\u00e1s poderosos de su \u00e9poca en la defensa de sus ideales.<\/p>\n<div class=\"article-asset-image article-asset-normal\">\n<div class=\"asset-content\"><img decoding=\"async\" loading=\"lazy\" class=\"centro_sinmarco aligncenter\" src=\"https:\/\/i.blogs.es\/8dcd22\/hildegard_von_bingen\/450_1000.jpg\" srcset=\"https:\/\/i.blogs.es\/8dcd22\/hildegard_von_bingen\/450_1000.jpg 450w, https:\/\/i.blogs.es\/8dcd22\/hildegard_von_bingen\/650_1200.jpg 681w, https:\/\/i.blogs.es\/8dcd22\/hildegard_von_bingen\/1024_2000.jpg 1024w, https:\/\/i.blogs.es\/8dcd22\/hildegard_von_bingen\/1366_2000.jpg 1366w\" alt=\"Hildegard Von Bingen\" width=\"308\" height=\"451\" data-sf-srcset=\"https:\/\/i.blogs.es\/8dcd22\/hildegard_von_bingen\/450_1000.jpg 450w, https:\/\/i.blogs.es\/8dcd22\/hildegard_von_bingen\/650_1200.jpg 681w, https:\/\/i.blogs.es\/8dcd22\/hildegard_von_bingen\/1024_2000.jpg 1024w, https:\/\/i.blogs.es\/8dcd22\/hildegard_von_bingen\/1366_2000.jpg 1366w\" data-sf-src=\"https:\/\/i.blogs.es\/8dcd22\/hildegard_von_bingen\/450_1000.jpg\" \/><\/div>\n<\/div>\n<h2 style=\"text-align: center;\">Christine de Pizan (1364-1430)<\/h2>\n<p>Fue la\u00a0<strong>primera escritora profesional de la historia<\/strong>, en el siglo XV. Poeta y fil\u00f3sofa, reivindic\u00f3 con sus letras la mejora de la situaci\u00f3n de subordinaci\u00f3n que viv\u00edan las mujeres de su \u00e9poca. Su libro\u00a0<em><a href=\"https:\/\/www.trendencias.com\/redirect?url=https%3A%2F%2Fwww.amazon.es%2Fciudad-las-damas-Tiempo-cl%25C3%25A1sicos%2Fdp%2F8415937547%2Fref%3Dsr_1_1%3Fie%3DUTF8%26qid%3D1506976767%26sr%3D8-1%26keywords%3Dla%2Bciudad%2Bde%2Blas%2Bdamas&amp;category=feminismo\">La ciudad de las damas<\/a><\/em>, de 1405, se considera un precedente del feminismo contempor\u00e1neo.<\/p>\n<div class=\"article-asset-image article-asset-normal\">\n<div class=\"asset-content\"><img decoding=\"async\" loading=\"lazy\" class=\"centro_sinmarco aligncenter\" src=\"https:\/\/i.blogs.es\/6f33d8\/pizan\/450_1000.jpg\" srcset=\"https:\/\/i.blogs.es\/6f33d8\/pizan\/450_1000.jpg 450w, https:\/\/i.blogs.es\/6f33d8\/pizan\/650_1200.jpg 681w, https:\/\/i.blogs.es\/6f33d8\/pizan\/1024_2000.jpg 1024w, https:\/\/i.blogs.es\/6f33d8\/pizan\/1366_2000.jpg 1366w\" alt=\"Pizan\" width=\"443\" height=\"291\" data-sf-srcset=\"https:\/\/i.blogs.es\/6f33d8\/pizan\/450_1000.jpg 450w, https:\/\/i.blogs.es\/6f33d8\/pizan\/650_1200.jpg 681w, https:\/\/i.blogs.es\/6f33d8\/pizan\/1024_2000.jpg 1024w, https:\/\/i.blogs.es\/6f33d8\/pizan\/1366_2000.jpg 1366w\" data-sf-src=\"https:\/\/i.blogs.es\/6f33d8\/pizan\/450_1000.jpg\" \/><\/div>\n<\/div>\n<h2 style=\"text-align: center;\">Santa Teresa de Jes\u00fas (1515-1582)<\/h2>\n<p><strong>Una de las escritoras m\u00e1s importantes de la historia de la literatura espa\u00f1ola<\/strong>\u00a0y figura clave del pensamiento m\u00edstico. Desde su juventud, mostr\u00f3 una gran imaginaci\u00f3n, que fructific\u00f3 a\u00f1os despu\u00e9s en su poes\u00eda l\u00edrico-religiosa.<\/p>\n<div class=\"article-asset-image article-asset-normal\">\n<div class=\"asset-content\"><img decoding=\"async\" loading=\"lazy\" class=\"centro_sinmarco aligncenter\" src=\"https:\/\/i.blogs.es\/097ca0\/teresa\/450_1000.jpg\" srcset=\"https:\/\/i.blogs.es\/097ca0\/teresa\/450_1000.jpg 450w, https:\/\/i.blogs.es\/097ca0\/teresa\/650_1200.jpg 681w, https:\/\/i.blogs.es\/097ca0\/teresa\/1024_2000.jpg 1024w, https:\/\/i.blogs.es\/097ca0\/teresa\/1366_2000.jpg 1366w\" alt=\"Teresa\" width=\"259\" height=\"312\" data-sf-srcset=\"https:\/\/i.blogs.es\/097ca0\/teresa\/450_1000.jpg 450w, https:\/\/i.blogs.es\/097ca0\/teresa\/650_1200.jpg 681w, https:\/\/i.blogs.es\/097ca0\/teresa\/1024_2000.jpg 1024w, https:\/\/i.blogs.es\/097ca0\/teresa\/1366_2000.jpg 1366w\" data-sf-src=\"https:\/\/i.blogs.es\/097ca0\/teresa\/450_1000.jpg\" \/><\/div>\n<\/div>\n<h2 style=\"text-align: center;\">Olympe de Gouges (1748-1793)<\/h2>\n<p>Olympe de Gouges ha pasado a la historia por publicar, durante la Revoluci\u00f3n Francesa, la\u00a0<strong>Declaraci\u00f3n de los Derechos de la Mujer y la Ciudadana<\/strong>, considerada el punto de inicio oficial del movimiento feminista como tal.<\/p>\n<div class=\"article-asset-image article-asset-normal\">\n<div class=\"asset-content\"><img decoding=\"async\" loading=\"lazy\" class=\"centro_sinmarco aligncenter\" src=\"https:\/\/i.blogs.es\/5e9265\/gouges\/450_1000.jpg\" srcset=\"https:\/\/i.blogs.es\/5e9265\/gouges\/450_1000.jpg 450w, https:\/\/i.blogs.es\/5e9265\/gouges\/650_1200.jpg 681w, https:\/\/i.blogs.es\/5e9265\/gouges\/1024_2000.jpg 1024w, https:\/\/i.blogs.es\/5e9265\/gouges\/1366_2000.jpg 1366w\" alt=\"Gouges\" width=\"310\" height=\"384\" data-sf-srcset=\"https:\/\/i.blogs.es\/5e9265\/gouges\/450_1000.jpg 450w, https:\/\/i.blogs.es\/5e9265\/gouges\/650_1200.jpg 681w, https:\/\/i.blogs.es\/5e9265\/gouges\/1024_2000.jpg 1024w, https:\/\/i.blogs.es\/5e9265\/gouges\/1366_2000.jpg 1366w\" data-sf-src=\"https:\/\/i.blogs.es\/5e9265\/gouges\/450_1000.jpg\" \/><\/div>\n<\/div>\n<h2 style=\"text-align: center;\">Mary Wollstonecraft (1759-1797)<\/h2>\n<p>Escritora inglesa que abog\u00f3 por los derechos de la mujer a trav\u00e9s de su propia vida, en la que se estableci\u00f3 como escritora profesional, algo casi impensable para las mujeres del siglo XVIII.\u00a0<em>A Vindication of the Rights of Woman<\/em>\u00a0(<a href=\"https:\/\/www.trendencias.com\/redirect?url=https%3A%2F%2Fwww.amazon.es%2FVindicaci%25C3%25B3n-los-derechos-mujer-Revoluciones%2Fdp%2F8446039257%2Fref%3Dsr_1_1%3Fs%3Dbooks%26ie%3DUTF8%26qid%3D1506976790%26sr%3D1-1%26keywords%3DMary%2BWollstonecraft&amp;category=feminismo\">\u00abVindicaci\u00f3n de los derechos de la mujer\u00bb<\/a>), publicado en 1792, es el primer texto reconocido de la filosof\u00eda feminista, con una premisa muy clara:\u00a0<strong>la mujer no es naturalmente inferior al hombre<\/strong>\u00a0(como se cre\u00eda en la \u00e9poca), sino que se deb\u00eda a la educaci\u00f3n recibida.<\/p>\n<div class=\"article-asset-image article-asset-normal\">\n<div class=\"asset-content\"><img decoding=\"async\" loading=\"lazy\" class=\"centro_sinmarco aligncenter\" src=\"https:\/\/i.blogs.es\/d42d68\/mary\/450_1000.jpg\" srcset=\"https:\/\/i.blogs.es\/d42d68\/mary\/450_1000.jpg 450w, https:\/\/i.blogs.es\/d42d68\/mary\/650_1200.jpg 681w, https:\/\/i.blogs.es\/d42d68\/mary\/1024_2000.jpg 1024w, https:\/\/i.blogs.es\/d42d68\/mary\/1366_2000.jpg 1366w\" alt=\"Mary\" width=\"322\" height=\"393\" data-sf-srcset=\"https:\/\/i.blogs.es\/d42d68\/mary\/450_1000.jpg 450w, https:\/\/i.blogs.es\/d42d68\/mary\/650_1200.jpg 681w, https:\/\/i.blogs.es\/d42d68\/mary\/1024_2000.jpg 1024w, https:\/\/i.blogs.es\/d42d68\/mary\/1366_2000.jpg 1366w\" data-sf-src=\"https:\/\/i.blogs.es\/d42d68\/mary\/450_1000.jpg\" \/><\/div>\n<\/div>\n<h2 style=\"text-align: center;\">Sojourner Truth (1797-1883)<\/h2>\n<p>Doble luchadora, por la igualdad de las mujeres y por la abolici\u00f3n de la esclavitud, Sojourner Truth es\u00a0<strong>considerada un s\u00edmbolo del\u00a0<em>Black Feminism<\/em>\u00a0(feminismo negro)<\/strong>, especialmente tras su discurso \u00abAin&#8217;t I a Woman?\u00bb (<em>\u00bfAcaso no soy una mujer?<\/em>), pronunciado en 1851 en el Congreso de la Mujer en Ohio. Luch\u00f3, adem\u00e1s, por la abolici\u00f3n de la pena de muerte.<\/p>\n<div class=\"article-asset-image article-asset-normal\">\n<div class=\"asset-content\"><img decoding=\"async\" loading=\"lazy\" class=\"centro_sinmarco aligncenter\" src=\"https:\/\/i.blogs.es\/3f3d46\/sojourner\/450_1000.jpg\" srcset=\"https:\/\/i.blogs.es\/3f3d46\/sojourner\/450_1000.jpg 450w, https:\/\/i.blogs.es\/3f3d46\/sojourner\/650_1200.jpg 681w, https:\/\/i.blogs.es\/3f3d46\/sojourner\/1024_2000.jpg 1024w, https:\/\/i.blogs.es\/3f3d46\/sojourner\/1366_2000.jpg 1366w\" alt=\"Sojourner\" width=\"260\" height=\"364\" data-sf-srcset=\"https:\/\/i.blogs.es\/3f3d46\/sojourner\/450_1000.jpg 450w, https:\/\/i.blogs.es\/3f3d46\/sojourner\/650_1200.jpg 681w, https:\/\/i.blogs.es\/3f3d46\/sojourner\/1024_2000.jpg 1024w, https:\/\/i.blogs.es\/3f3d46\/sojourner\/1366_2000.jpg 1366w\" data-sf-src=\"https:\/\/i.blogs.es\/3f3d46\/sojourner\/450_1000.jpg\" \/><\/div>\n<\/div>\n<h2 style=\"text-align: center;\">Flora Trist\u00e1n (1803-1844)<\/h2>\n<p>Escritora y pensadora francesa de ascendencia peruana, es considerada una de las fundadoras del feminismo moderno. Trabaj\u00f3 en la emancipaci\u00f3n de la mujer, adem\u00e1s de destacar en el entorno del socialismo y la lucha proletaria, con la reivindicaci\u00f3n de los derechos de los trabajadores y la erradicaci\u00f3n de la pena de muerte. Su texto de 1846,\u00a0<strong><em>La emancipaci\u00f3n de la mujer<\/em>, adelanta el pensamiento posterior de que la mujer no debe ser inferior al hombre<\/strong>\u00a0dentro del matrimonio.<\/p>\n<div class=\"article-asset-image article-asset-normal\">\n<div class=\"asset-content\"><img decoding=\"async\" loading=\"lazy\" class=\"centro_sinmarco aligncenter\" src=\"https:\/\/i.blogs.es\/2316a7\/flora\/450_1000.jpg\" srcset=\"https:\/\/i.blogs.es\/2316a7\/flora\/450_1000.jpg 450w, https:\/\/i.blogs.es\/2316a7\/flora\/650_1200.jpg 681w, https:\/\/i.blogs.es\/2316a7\/flora\/1024_2000.jpg 1024w, https:\/\/i.blogs.es\/2316a7\/flora\/1366_2000.jpg 1366w\" alt=\"Flora\" width=\"329\" height=\"439\" data-sf-srcset=\"https:\/\/i.blogs.es\/2316a7\/flora\/450_1000.jpg 450w, https:\/\/i.blogs.es\/2316a7\/flora\/650_1200.jpg 681w, https:\/\/i.blogs.es\/2316a7\/flora\/1024_2000.jpg 1024w, https:\/\/i.blogs.es\/2316a7\/flora\/1366_2000.jpg 1366w\" data-sf-src=\"https:\/\/i.blogs.es\/2316a7\/flora\/450_1000.jpg\" \/><\/div>\n<\/div>\n<h2 style=\"text-align: center;\">Margaret Fuller (1810-1850)<\/h2>\n<p>Considerada la primera feminista americana, Margaret Fuller fue una periodista que se dedic\u00f3 a\u00a0<strong>organizar a las mujeres a las que les era negado el acceso a la educaci\u00f3n superior<\/strong>. Su obra\u00a0<em>Women in the nineteenth century<\/em>\u00a0(\u00abLas mujeres en el siglo XIX\u00bb) habla sobre la desigualdad entre sexos y la necesidad de acabar con ella.<\/p>\n<div class=\"article-asset-image article-asset-normal\">\n<div class=\"asset-content\"><img decoding=\"async\" loading=\"lazy\" class=\"centro_sinmarco aligncenter\" src=\"https:\/\/i.blogs.es\/a899ae\/fuller\/450_1000.jpg\" srcset=\"https:\/\/i.blogs.es\/a899ae\/fuller\/450_1000.jpg 450w, https:\/\/i.blogs.es\/a899ae\/fuller\/650_1200.jpg 681w, https:\/\/i.blogs.es\/a899ae\/fuller\/1024_2000.jpg 1024w, https:\/\/i.blogs.es\/a899ae\/fuller\/1366_2000.jpg 1366w\" alt=\"Fuller\" width=\"283\" height=\"235\" data-sf-srcset=\"https:\/\/i.blogs.es\/a899ae\/fuller\/450_1000.jpg 450w, https:\/\/i.blogs.es\/a899ae\/fuller\/650_1200.jpg 681w, https:\/\/i.blogs.es\/a899ae\/fuller\/1024_2000.jpg 1024w, https:\/\/i.blogs.es\/a899ae\/fuller\/1366_2000.jpg 1366w\" data-sf-src=\"https:\/\/i.blogs.es\/a899ae\/fuller\/450_1000.jpg\" \/><\/div>\n<\/div>\n<h2 style=\"text-align: center;\">Elizabeth Cady Stanton (1815-1902)<\/h2>\n<p>Junto a Susan B. Anthony, es el otro gran nombre del sufragismo norteamericano. Fue la\u00a0<strong>presidenta de la\u00a0<em>National Woman Suffrage Association<\/em><\/strong>\u00a0(Asociaci\u00f3n Nacional por el Sufragio Femenino) durante ocho a\u00f1os y la autora de dos libros fundamentales en la historia del feminismo de finales del siglo XIX:\u00a0<em>The Woman\u2019s Bible<\/em>\u00a0y su autobiograf\u00eda\u00a0<em><a href=\"https:\/\/www.trendencias.com\/redirect?url=https%3A%2F%2Fwww.amazon.es%2FEighty-Years-More-Reminiscences-2006-11-14%2Fdp%2FB01JXNBRTW%2Fref%3Dsr_1_1%3Fs%3Dbooks%26ie%3DUTF8%26qid%3D1506976864%26sr%3D1-1%26keywords%3DEighty%2BYears%2Band%2BMore&amp;category=feminismo\">Eighty Years and More<\/a><\/em>.<\/p>\n<div class=\"article-asset-image article-asset-normal\">\n<div class=\"asset-content\"><img decoding=\"async\" loading=\"lazy\" class=\"centro_sinmarco aligncenter\" src=\"https:\/\/i.blogs.es\/534734\/cady\/450_1000.jpg\" srcset=\"https:\/\/i.blogs.es\/534734\/cady\/450_1000.jpg 450w, https:\/\/i.blogs.es\/534734\/cady\/650_1200.jpg 681w, https:\/\/i.blogs.es\/534734\/cady\/1024_2000.jpg 1024w, https:\/\/i.blogs.es\/534734\/cady\/1366_2000.jpg 1366w\" alt=\"Cady\" width=\"313\" height=\"446\" data-sf-srcset=\"https:\/\/i.blogs.es\/534734\/cady\/450_1000.jpg 450w, https:\/\/i.blogs.es\/534734\/cady\/650_1200.jpg 681w, https:\/\/i.blogs.es\/534734\/cady\/1024_2000.jpg 1024w, https:\/\/i.blogs.es\/534734\/cady\/1366_2000.jpg 1366w\" data-sf-src=\"https:\/\/i.blogs.es\/534734\/cady\/450_1000.jpg\" \/><\/div>\n<\/div>\n<h2 style=\"text-align: center;\">Lucy Stone (1818-1893)<\/h2>\n<p><strong>En la persona de Lucy Stone confluyen la lucha privada y la p\u00fablica<\/strong>: conocida feminista y abolicionista, decidi\u00f3 adem\u00e1s mantener su apellido de soltera, como s\u00edmbolo de su individualidad, lo cual gener\u00f3 mucha controversia en su \u00e9poca. Fue fundadora de la Asociaci\u00f3n Americana por el Sufragio, la primera Convenci\u00f3n Nacional por los Derechos de las Mujeres y\u00a0<em>Woman&#8217;s Journal<\/em>, la primera gran publicaci\u00f3n feminista.<\/p>\n<div class=\"article-asset-image article-asset-normal\">\n<div class=\"asset-content\"><img decoding=\"async\" loading=\"lazy\" class=\"centro_sinmarco aligncenter\" src=\"https:\/\/i.blogs.es\/858500\/lucy-stone\/450_1000.jpg\" srcset=\"https:\/\/i.blogs.es\/858500\/lucy-stone\/450_1000.jpg 450w, https:\/\/i.blogs.es\/858500\/lucy-stone\/650_1200.jpg 681w, https:\/\/i.blogs.es\/858500\/lucy-stone\/1024_2000.jpg 1024w, https:\/\/i.blogs.es\/858500\/lucy-stone\/1366_2000.jpg 1366w\" alt=\"Lucy Stone\" width=\"244\" height=\"270\" data-sf-srcset=\"https:\/\/i.blogs.es\/858500\/lucy-stone\/450_1000.jpg 450w, https:\/\/i.blogs.es\/858500\/lucy-stone\/650_1200.jpg 681w, https:\/\/i.blogs.es\/858500\/lucy-stone\/1024_2000.jpg 1024w, https:\/\/i.blogs.es\/858500\/lucy-stone\/1366_2000.jpg 1366w\" data-sf-src=\"https:\/\/i.blogs.es\/858500\/lucy-stone\/450_1000.jpg\" \/><\/div>\n<\/div>\n<h2 style=\"text-align: center;\">Amelia Bloomer (1818-1894)<\/h2>\n<p>A pesar de carecer de educaci\u00f3n formal, Amelia Bloomer se dedic\u00f3 a escribir, utilizando\u00a0<strong>los art\u00edculos que escrib\u00eda en el peri\u00f3dico de su marido para defender los derechos de las mujeres<\/strong>. Posteriormente, fund\u00f3 su propio peri\u00f3dico,\u00a0<em>The Lily<\/em>, centrado solo en cuestiones relacionadas con las mujeres, como la reforma de un vestuario que resultaba inc\u00f3modo para la mujer.<\/p>\n<div class=\"article-asset-image article-asset-normal\">\n<div class=\"asset-content\"><img decoding=\"async\" loading=\"lazy\" class=\"centro_sinmarco aligncenter\" src=\"https:\/\/i.blogs.es\/a196dd\/amelia\/450_1000.jpg\" srcset=\"https:\/\/i.blogs.es\/a196dd\/amelia\/450_1000.jpg 450w, https:\/\/i.blogs.es\/a196dd\/amelia\/650_1200.jpg 681w, https:\/\/i.blogs.es\/a196dd\/amelia\/1024_2000.jpg 1024w, https:\/\/i.blogs.es\/a196dd\/amelia\/1366_2000.jpg 1366w\" alt=\"Amelia\" width=\"243\" height=\"294\" data-sf-srcset=\"https:\/\/i.blogs.es\/a196dd\/amelia\/450_1000.jpg 450w, https:\/\/i.blogs.es\/a196dd\/amelia\/650_1200.jpg 681w, https:\/\/i.blogs.es\/a196dd\/amelia\/1024_2000.jpg 1024w, https:\/\/i.blogs.es\/a196dd\/amelia\/1366_2000.jpg 1366w\" data-sf-src=\"https:\/\/i.blogs.es\/a196dd\/amelia\/450_1000.jpg\" \/><\/div>\n<\/div>\n<h2 style=\"text-align: center;\">Susan B. Anthony (1820-1906)<\/h2>\n<p>Susan B. Anthony es un nombre que ha pasado a la historia por ser la\u00a0<strong>l\u00edder del movimiento sufragista norteamericano<\/strong>, que reivindic\u00f3 el derecho al sufragio femenino en la segunda mitad del siglo XIX. Junto a Elizabeth Cady Stanton, cre\u00f3 m\u00faltiples campa\u00f1as en favor de la igualdad de los derechos de las mujeres.<\/p>\n<div class=\"article-asset-image article-asset-normal\">\n<div class=\"asset-content\"><img decoding=\"async\" loading=\"lazy\" class=\"centro_sinmarco aligncenter\" src=\"https:\/\/i.blogs.es\/1780fb\/susa\/450_1000.jpg\" srcset=\"https:\/\/i.blogs.es\/1780fb\/susa\/450_1000.jpg 450w, https:\/\/i.blogs.es\/1780fb\/susa\/650_1200.jpg 681w, https:\/\/i.blogs.es\/1780fb\/susa\/1024_2000.jpg 1024w, https:\/\/i.blogs.es\/1780fb\/susa\/1366_2000.jpg 1366w\" alt=\"Susa\" width=\"251\" height=\"289\" data-sf-srcset=\"https:\/\/i.blogs.es\/1780fb\/susa\/450_1000.jpg 450w, https:\/\/i.blogs.es\/1780fb\/susa\/650_1200.jpg 681w, https:\/\/i.blogs.es\/1780fb\/susa\/1024_2000.jpg 1024w, https:\/\/i.blogs.es\/1780fb\/susa\/1366_2000.jpg 1366w\" data-sf-src=\"https:\/\/i.blogs.es\/1780fb\/susa\/450_1000.jpg\" \/><\/div>\n<\/div>\n<h2 style=\"text-align: center;\">Rosal\u00eda de Castro (1837-1885)<\/h2>\n<p>Una de las figuras cruciales del Romanticismo literario, adem\u00e1s de la gran responsable del renacimiento de la lengua gallega despu\u00e9s de los\u00a0<em>s\u00e9culos escuros<\/em>(siglos oscuros).\u00a0<strong>Escribi\u00f3 poes\u00eda y narrativa, en castellano y en gallego<\/strong>, siempre con un tono melanc\u00f3lico pero firme en la defensa frente a los abusos de autoridad.<\/p>\n<div class=\"article-asset-image article-asset-normal\">\n<div class=\"asset-content\"><img decoding=\"async\" loading=\"lazy\" class=\"centro_sinmarco aligncenter\" src=\"https:\/\/i.blogs.es\/000c56\/rosalia\/450_1000.jpg\" srcset=\"https:\/\/i.blogs.es\/000c56\/rosalia\/450_1000.jpg 450w, https:\/\/i.blogs.es\/000c56\/rosalia\/650_1200.jpg 681w, https:\/\/i.blogs.es\/000c56\/rosalia\/1024_2000.jpg 1024w, https:\/\/i.blogs.es\/000c56\/rosalia\/1366_2000.jpg 1366w\" alt=\"Rosalia\" width=\"268\" height=\"356\" data-sf-srcset=\"https:\/\/i.blogs.es\/000c56\/rosalia\/450_1000.jpg 450w, https:\/\/i.blogs.es\/000c56\/rosalia\/650_1200.jpg 681w, https:\/\/i.blogs.es\/000c56\/rosalia\/1024_2000.jpg 1024w, https:\/\/i.blogs.es\/000c56\/rosalia\/1366_2000.jpg 1366w\" data-sf-src=\"https:\/\/i.blogs.es\/000c56\/rosalia\/450_1000.jpg\" \/><\/div>\n<\/div>\n<h2 style=\"text-align: center;\">Emilia Pardo Baz\u00e1n (1851-1921)<\/h2>\n<p>Una de las figuras m\u00e1s prominentes de la intelectualidad espa\u00f1ola, Emilia Pardo Baz\u00e1n\u00a0<strong>defendi\u00f3 la instrucci\u00f3n de las mujeres<\/strong>\u00a0como un elemento fundamental del progreso, adem\u00e1s de ser la escritora precursora del naturalismo en Espa\u00f1a, con novelas como\u00a0<em><a href=\"https:\/\/www.trendencias.com\/redirect?url=https%3A%2F%2Fwww.amazon.es%2FLos-Pazos-Ulloa-PENGUIN-CL%25C3%2581SICOS%2Fdp%2F8491050159%2Fref%3Dsr_1_1%3Fs%3Dbooks%26ie%3DUTF8%26qid%3D1506976936%26sr%3D1-1%26keywords%3DLos%2Bpazos%2Bde%2BUlloa&amp;category=feminismo\">Los pazos de Ulloa<\/a><\/em>.<\/p>\n<div class=\"article-asset-image article-asset-normal\">\n<div class=\"asset-content\"><img decoding=\"async\" loading=\"lazy\" class=\"centro_sinmarco aligncenter\" src=\"https:\/\/i.blogs.es\/ff17ff\/epb\/450_1000.jpg\" srcset=\"https:\/\/i.blogs.es\/ff17ff\/epb\/450_1000.jpg 450w, https:\/\/i.blogs.es\/ff17ff\/epb\/650_1200.jpg 681w, https:\/\/i.blogs.es\/ff17ff\/epb\/1024_2000.jpg 1024w, https:\/\/i.blogs.es\/ff17ff\/epb\/1366_2000.jpg 1366w\" alt=\"Epb\" width=\"352\" height=\"430\" data-sf-srcset=\"https:\/\/i.blogs.es\/ff17ff\/epb\/450_1000.jpg 450w, https:\/\/i.blogs.es\/ff17ff\/epb\/650_1200.jpg 681w, https:\/\/i.blogs.es\/ff17ff\/epb\/1024_2000.jpg 1024w, https:\/\/i.blogs.es\/ff17ff\/epb\/1366_2000.jpg 1366w\" data-sf-src=\"https:\/\/i.blogs.es\/ff17ff\/epb\/450_1000.jpg\" \/><\/div>\n<\/div>\n<h2 style=\"text-align: center;\">Clara Zetkin (1857-1933)<\/h2>\n<p>A Clara Zetkin, pol\u00edtica comunista alemana,\u00a0<strong>le debemos la fundaci\u00f3n del D\u00eda de la Mujer Trabajadora<\/strong>\u00a0(posteriormente D\u00eda Internacional de la Mujer), que celebramos cada\u00a0<a href=\"https:\/\/www.trendencias.com\/feminismo\/el-dia-de-la-mujer-es-festivo-en-afganistan-rusia-cuba-o-zambia-estos-son-los-porques-detras-de-la-tradicion\">8 de marzo<\/a>. Durante su trayectoria pol\u00edtica, luch\u00f3 por los derechos de la mujer, la igualdad de g\u00e9nero y el derecho al sufragio femenino.<\/p>\n<div class=\"article-asset-image article-asset-normal\">\n<div class=\"asset-content\"><img decoding=\"async\" loading=\"lazy\" class=\"centro_sinmarco aligncenter\" src=\"https:\/\/i.blogs.es\/52a876\/clara-zetkin\/450_1000.jpg\" srcset=\"https:\/\/i.blogs.es\/52a876\/clara-zetkin\/450_1000.jpg 450w, https:\/\/i.blogs.es\/52a876\/clara-zetkin\/650_1200.jpg 681w, https:\/\/i.blogs.es\/52a876\/clara-zetkin\/1024_2000.jpg 1024w, https:\/\/i.blogs.es\/52a876\/clara-zetkin\/1366_2000.jpg 1366w\" alt=\"Clara Zetkin\" width=\"310\" height=\"310\" data-sf-srcset=\"https:\/\/i.blogs.es\/52a876\/clara-zetkin\/450_1000.jpg 450w, https:\/\/i.blogs.es\/52a876\/clara-zetkin\/650_1200.jpg 681w, https:\/\/i.blogs.es\/52a876\/clara-zetkin\/1024_2000.jpg 1024w, https:\/\/i.blogs.es\/52a876\/clara-zetkin\/1366_2000.jpg 1366w\" data-sf-src=\"https:\/\/i.blogs.es\/52a876\/clara-zetkin\/450_1000.jpg\" \/><\/div>\n<\/div>\n<h2 style=\"text-align: center;\">Emmeline Pankhurst (1858-1928)<\/h2>\n<p>Fue la\u00a0<strong>fundadora del movimiento sufragista brit\u00e1nico<\/strong>\u00a0(a trav\u00e9s de la Liga en Favor del Derecho a Voto de la Mujer), con una pol\u00edtica clara de \u00abhechos, no palabras\u00bb: organiz\u00f3 manifestaciones y huelgas que la llevaron en varias ocasiones a la c\u00e1rcel. Muri\u00f3 poco despu\u00e9s de ver cumplido su objetivo.<\/p>\n<div class=\"article-asset-image article-asset-normal\">\n<div class=\"asset-content\"><img decoding=\"async\" loading=\"lazy\" class=\"centro_sinmarco aligncenter\" src=\"https:\/\/i.blogs.es\/bcb7f8\/emmeline\/450_1000.jpg\" srcset=\"https:\/\/i.blogs.es\/bcb7f8\/emmeline\/450_1000.jpg 450w, https:\/\/i.blogs.es\/bcb7f8\/emmeline\/650_1200.jpg 681w, https:\/\/i.blogs.es\/bcb7f8\/emmeline\/1024_2000.jpg 1024w, https:\/\/i.blogs.es\/bcb7f8\/emmeline\/1366_2000.jpg 1366w\" alt=\"Emmeline\" width=\"276\" height=\"364\" data-sf-srcset=\"https:\/\/i.blogs.es\/bcb7f8\/emmeline\/450_1000.jpg 450w, https:\/\/i.blogs.es\/bcb7f8\/emmeline\/650_1200.jpg 681w, https:\/\/i.blogs.es\/bcb7f8\/emmeline\/1024_2000.jpg 1024w, https:\/\/i.blogs.es\/bcb7f8\/emmeline\/1366_2000.jpg 1366w\" data-sf-src=\"https:\/\/i.blogs.es\/bcb7f8\/emmeline\/450_1000.jpg\" \/><\/div>\n<\/div>\n<h2 style=\"text-align: center;\">Marie Curie (1867-1934)<\/h2>\n<p><a href=\"https:\/\/www.trendencias.com\/otros\/9-citas-de-marie-curie-que-pueden-inspirar-nuestro-dia-a-dia\">Maria Curie<\/a>\u00a0(nacida Sklodowska) es la cient\u00edfica m\u00e1s conocida de la historia. Sus investigaciones sobre el radio marcaron un antes y un despu\u00e9s en la historia de la medicina, y ella fue la primera mujer en ganar un Premio Nobel de F\u00edsica, en impartir clases en la Sorbona de Par\u00eds y en\u00a0<strong>recibir dos Premios Nobel de dos categor\u00edas distintas, tras ganar el de Qu\u00edmica<\/strong>\u00a0en 1911.<\/p>\n<div class=\"article-asset-image article-asset-normal\">\n<div class=\"asset-content\"><img decoding=\"async\" loading=\"lazy\" class=\"centro_sinmarco aligncenter\" src=\"https:\/\/i.blogs.es\/ac9d40\/curie\/450_1000.jpg\" srcset=\"https:\/\/i.blogs.es\/ac9d40\/curie\/450_1000.jpg 450w, https:\/\/i.blogs.es\/ac9d40\/curie\/650_1200.jpg 681w, https:\/\/i.blogs.es\/ac9d40\/curie\/1024_2000.jpg 1024w, https:\/\/i.blogs.es\/ac9d40\/curie\/1366_2000.jpg 1366w\" alt=\"Curie\" width=\"276\" height=\"366\" data-sf-srcset=\"https:\/\/i.blogs.es\/ac9d40\/curie\/450_1000.jpg 450w, https:\/\/i.blogs.es\/ac9d40\/curie\/650_1200.jpg 681w, https:\/\/i.blogs.es\/ac9d40\/curie\/1024_2000.jpg 1024w, https:\/\/i.blogs.es\/ac9d40\/curie\/1366_2000.jpg 1366w\" data-sf-src=\"https:\/\/i.blogs.es\/ac9d40\/curie\/450_1000.jpg\" \/><\/div>\n<\/div>\n<h2 style=\"text-align: center;\">Alice Guy (1873-1968)<\/h2>\n<p>Lo reconocemos.\u00a0<a href=\"https:\/\/www.trendencias.com\/feminismo\/asi-fue-la-vida-de-alice-guy-la-cineasta-olvidada-de-la-que-hablo-leticia-dolera-en-su-discurso-viral\">Tuvo que venir Leticia Dolera a present\u00e1rnosla<\/a>\u00a0para que supi\u00e9ramos cu\u00e1nta importancia tuvo Alice Guy en uno de nuestros\u00a0<em>hobbies<\/em>favoritos: el cine.\u00a0<strong>Ella invent\u00f3 la narraci\u00f3n cinematogr\u00e1fica, dirigi\u00f3 m\u00e1s de mil pel\u00edculas<\/strong>\u00a0y, desgraciadamente, a\u00fan es una desconocida para muchos.<\/p>\n<div class=\"article-asset-image article-asset-normal\">\n<div class=\"asset-content\"><img decoding=\"async\" loading=\"lazy\" class=\"centro_sinmarco aligncenter\" src=\"https:\/\/i.blogs.es\/13645b\/alice-guy\/450_1000.jpg\" srcset=\"https:\/\/i.blogs.es\/13645b\/alice-guy\/450_1000.jpg 450w, https:\/\/i.blogs.es\/13645b\/alice-guy\/650_1200.jpg 681w, https:\/\/i.blogs.es\/13645b\/alice-guy\/1024_2000.jpg 1024w, https:\/\/i.blogs.es\/13645b\/alice-guy\/1366_2000.jpg 1366w\" alt=\"Alice Guy\" width=\"254\" height=\"346\" data-sf-srcset=\"https:\/\/i.blogs.es\/13645b\/alice-guy\/450_1000.jpg 450w, https:\/\/i.blogs.es\/13645b\/alice-guy\/650_1200.jpg 681w, https:\/\/i.blogs.es\/13645b\/alice-guy\/1024_2000.jpg 1024w, https:\/\/i.blogs.es\/13645b\/alice-guy\/1366_2000.jpg 1366w\" data-sf-src=\"https:\/\/i.blogs.es\/13645b\/alice-guy\/450_1000.jpg\" \/><\/div>\n<\/div>\n<h2 style=\"text-align: center;\">Margaret Sanger (1879-1966)<\/h2>\n<p>Margaret Sanger es la mujer a la que debemos el t\u00e9rmino &#8216;control de la natalidad&#8217;. Dedic\u00f3 su vida a proveer educaci\u00f3n sexual a las mujeres y, en 1916,\u00a0<strong>abri\u00f3 la primera cl\u00ednica de control de la natalidad<\/strong>. Fue detenida en ocho ocasiones por hablar abiertamente sobre m\u00e9todos anticonceptivos.<\/p>\n<div class=\"article-asset-image article-asset-normal\">\n<div class=\"asset-content\"><img decoding=\"async\" loading=\"lazy\" class=\"centro_sinmarco aligncenter\" src=\"https:\/\/i.blogs.es\/820bfd\/margaret\/450_1000.jpg\" srcset=\"https:\/\/i.blogs.es\/820bfd\/margaret\/450_1000.jpg 450w, https:\/\/i.blogs.es\/820bfd\/margaret\/650_1200.jpg 681w, https:\/\/i.blogs.es\/820bfd\/margaret\/1024_2000.jpg 1024w, https:\/\/i.blogs.es\/820bfd\/margaret\/1366_2000.jpg 1366w\" alt=\"Margaret\" width=\"304\" height=\"385\" data-sf-srcset=\"https:\/\/i.blogs.es\/820bfd\/margaret\/450_1000.jpg 450w, https:\/\/i.blogs.es\/820bfd\/margaret\/650_1200.jpg 681w, https:\/\/i.blogs.es\/820bfd\/margaret\/1024_2000.jpg 1024w, https:\/\/i.blogs.es\/820bfd\/margaret\/1366_2000.jpg 1366w\" data-sf-src=\"https:\/\/i.blogs.es\/820bfd\/margaret\/450_1000.jpg\" \/><\/div>\n<\/div>\n<h2 style=\"text-align: center;\">Helen Keller (1880-1968)<\/h2>\n<p>Helen Keller es un s\u00edmbolo de lo que puede conseguir una mujer discapacitada. Nacida sorda y ciega, se convirti\u00f3, gracias al esfuerzo de una de sus profesoras, en la primera mujer con una formaci\u00f3n s\u00f3lida a pesar de esas circunstancias. Fue escritora y activista pol\u00edtica, y\u00a0<strong>luch\u00f3 por el sufragio femenino o los derechos laborales<\/strong>, entre otras causas.<\/p>\n<div class=\"article-asset-image article-asset-normal\">\n<div class=\"asset-content\"><img decoding=\"async\" loading=\"lazy\" class=\"centro_sinmarco aligncenter\" src=\"https:\/\/i.blogs.es\/b21589\/helen\/450_1000.jpg\" srcset=\"https:\/\/i.blogs.es\/b21589\/helen\/450_1000.jpg 450w, https:\/\/i.blogs.es\/b21589\/helen\/650_1200.jpg 681w, https:\/\/i.blogs.es\/b21589\/helen\/1024_2000.jpg 1024w, https:\/\/i.blogs.es\/b21589\/helen\/1366_2000.jpg 1366w\" alt=\"Helen\" width=\"237\" height=\"266\" data-sf-srcset=\"https:\/\/i.blogs.es\/b21589\/helen\/450_1000.jpg 450w, https:\/\/i.blogs.es\/b21589\/helen\/650_1200.jpg 681w, https:\/\/i.blogs.es\/b21589\/helen\/1024_2000.jpg 1024w, https:\/\/i.blogs.es\/b21589\/helen\/1366_2000.jpg 1366w\" data-sf-src=\"https:\/\/i.blogs.es\/b21589\/helen\/450_1000.jpg\" \/><\/div>\n<\/div>\n<h2 style=\"text-align: center;\">Virginia Woolf (1882-1941)<\/h2>\n<p>Escritora brit\u00e1nica y uno de los m\u00e1ximos s\u00edmbolos del feminismo literario del siglo XX, especialmente con su ensayo\u00a0<em><a href=\"https:\/\/www.trendencias.com\/redirect?url=https%3A%2F%2Fwww.amazon.es%2FUna-Habitaci%25C3%25B3n-Propia-Austral-Singular%2Fdp%2F8432222828%2Fref%3Dsr_1_1%3Fie%3DUTF8%26qid%3D1506982484%26sr%3D8-1%26keywords%3Duna%2Bhabitacion%2Bpropia&amp;category=feminismo\">Una habitaci\u00f3n propia<\/a><\/em>, de 1923, en el que expone\u00a0<strong>las dificultades a las que se enfrenta una mujer escritora<\/strong>, en un campo que era esencialmente masculino.<\/p>\n<div class=\"article-asset-image article-asset-normal\">\n<div class=\"asset-content\"><img decoding=\"async\" loading=\"lazy\" class=\"centro_sinmarco aligncenter\" src=\"https:\/\/i.blogs.es\/174b18\/woolf\/450_1000.jpg\" srcset=\"https:\/\/i.blogs.es\/174b18\/woolf\/450_1000.jpg 450w, https:\/\/i.blogs.es\/174b18\/woolf\/650_1200.jpg 681w, https:\/\/i.blogs.es\/174b18\/woolf\/1024_2000.jpg 1024w, https:\/\/i.blogs.es\/174b18\/woolf\/1366_2000.jpg 1366w\" alt=\"Woolf\" width=\"303\" height=\"414\" data-sf-srcset=\"https:\/\/i.blogs.es\/174b18\/woolf\/450_1000.jpg 450w, https:\/\/i.blogs.es\/174b18\/woolf\/650_1200.jpg 681w, https:\/\/i.blogs.es\/174b18\/woolf\/1024_2000.jpg 1024w, https:\/\/i.blogs.es\/174b18\/woolf\/1366_2000.jpg 1366w\" data-sf-src=\"https:\/\/i.blogs.es\/174b18\/woolf\/450_1000.jpg\" \/><\/div>\n<\/div>\n<h2 style=\"text-align: center;\">Coco Chanel (1883-1971)<\/h2>\n<p>La\u00a0<strong>liberaci\u00f3n de la mujer a trav\u00e9s de la moda<\/strong>\u00a0tiene nombre propio:\u00a0<a href=\"https:\/\/www.trendencias.com\/disenadores\/siete-grandes-frases-de-coco-chanel-que-nos-hacen-amarla-aun-mas\">Coco Chanel<\/a>. Tras siglos en que las mujeres solo vest\u00edan falda, Chanel dise\u00f1\u00f3 pantalones c\u00f3modos pero femeninos y se convirti\u00f3 en una empresaria de \u00e9xito en un mundo eminentemente masculino.<\/p>\n<div class=\"article-asset-image article-asset-normal\">\n<div class=\"asset-content\"><img decoding=\"async\" loading=\"lazy\" class=\"centro_sinmarco aligncenter\" src=\"https:\/\/i.blogs.es\/3a2804\/coco\/450_1000.jpg\" srcset=\"https:\/\/i.blogs.es\/3a2804\/coco\/450_1000.jpg 450w, https:\/\/i.blogs.es\/3a2804\/coco\/650_1200.jpg 681w, https:\/\/i.blogs.es\/3a2804\/coco\/1024_2000.jpg 1024w, https:\/\/i.blogs.es\/3a2804\/coco\/1366_2000.jpg 1366w\" alt=\"Coco\" width=\"254\" height=\"351\" data-sf-srcset=\"https:\/\/i.blogs.es\/3a2804\/coco\/450_1000.jpg 450w, https:\/\/i.blogs.es\/3a2804\/coco\/650_1200.jpg 681w, https:\/\/i.blogs.es\/3a2804\/coco\/1024_2000.jpg 1024w, https:\/\/i.blogs.es\/3a2804\/coco\/1366_2000.jpg 1366w\" data-sf-src=\"https:\/\/i.blogs.es\/3a2804\/coco\/450_1000.jpg\" \/><\/div>\n<\/div>\n<h2 style=\"text-align: center;\">Clara Campoamor (1888-1972)<\/h2>\n<p>Probablemente la feminista espa\u00f1ola m\u00e1s reconocida. Cre\u00f3 la Uni\u00f3n Republicana Femenina y fue\u00a0<strong>una de las principales impulsoras del voto femenino en Espa\u00f1a<\/strong>(conseguido en 1931). Fue diputada cuando las mujeres pod\u00edan ser elegidas pero no electoras, y tuvo que exiliarse de Espa\u00f1a durante la Guerra Civil.<\/p>\n<div class=\"article-asset-image article-asset-normal\">\n<div class=\"asset-content\"><img decoding=\"async\" loading=\"lazy\" class=\"centro_sinmarco aligncenter\" src=\"https:\/\/i.blogs.es\/ed79df\/clara-campoamor\/450_1000.jpg\" srcset=\"https:\/\/i.blogs.es\/ed79df\/clara-campoamor\/450_1000.jpg 450w, https:\/\/i.blogs.es\/ed79df\/clara-campoamor\/650_1200.jpg 681w, https:\/\/i.blogs.es\/ed79df\/clara-campoamor\/1024_2000.jpg 1024w, https:\/\/i.blogs.es\/ed79df\/clara-campoamor\/1366_2000.jpg 1366w\" alt=\"Clara Campoamor\" width=\"419\" height=\"241\" data-sf-srcset=\"https:\/\/i.blogs.es\/ed79df\/clara-campoamor\/450_1000.jpg 450w, https:\/\/i.blogs.es\/ed79df\/clara-campoamor\/650_1200.jpg 681w, https:\/\/i.blogs.es\/ed79df\/clara-campoamor\/1024_2000.jpg 1024w, https:\/\/i.blogs.es\/ed79df\/clara-campoamor\/1366_2000.jpg 1366w\" data-sf-src=\"https:\/\/i.blogs.es\/ed79df\/clara-campoamor\/450_1000.jpg\" \/><\/div>\n<\/div>\n<h2 style=\"text-align: center;\">Dorothy Parker (1893-1967)<\/h2>\n<p><strong>Poeta sat\u00edrica autora de numerosas obras humor\u00edsticas con el trasfondo de los derechos de la mujer como tema principal<\/strong>. Alcanz\u00f3 un \u00e9xito que, en las d\u00e9cadas de los a\u00f1os 20 y 30 del siglo pasado, estaba reservado solo a los hombres. Su preocupaci\u00f3n constante por la igualdad entre sexos la convirti\u00f3 en un icono feminista despu\u00e9s de su muerte.<\/p>\n<div class=\"article-asset-image article-asset-normal\">\n<div class=\"asset-content\"><img decoding=\"async\" loading=\"lazy\" class=\"centro_sinmarco aligncenter\" src=\"https:\/\/i.blogs.es\/8c0c51\/dorothy-parker\/450_1000.jpg\" srcset=\"https:\/\/i.blogs.es\/8c0c51\/dorothy-parker\/450_1000.jpg 450w, https:\/\/i.blogs.es\/8c0c51\/dorothy-parker\/650_1200.jpg 681w, https:\/\/i.blogs.es\/8c0c51\/dorothy-parker\/1024_2000.jpg 1024w, https:\/\/i.blogs.es\/8c0c51\/dorothy-parker\/1366_2000.jpg 1366w\" alt=\"Dorothy Parker\" width=\"227\" height=\"251\" data-sf-srcset=\"https:\/\/i.blogs.es\/8c0c51\/dorothy-parker\/450_1000.jpg 450w, https:\/\/i.blogs.es\/8c0c51\/dorothy-parker\/650_1200.jpg 681w, https:\/\/i.blogs.es\/8c0c51\/dorothy-parker\/1024_2000.jpg 1024w, https:\/\/i.blogs.es\/8c0c51\/dorothy-parker\/1366_2000.jpg 1366w\" data-sf-src=\"https:\/\/i.blogs.es\/8c0c51\/dorothy-parker\/450_1000.jpg\" \/><\/div>\n<\/div>\n<h2 style=\"text-align: center;\">Katharine Hepburn (1907-2003)<\/h2>\n<p>Si hubo una actriz que represent\u00f3 la lucha por la igualdad en el Hollywood dorado, fue Katharine Hepburn. Hija de unos padres progresistas, aprendi\u00f3 desde joven a cuestionar las normas sociales, y\u00a0<strong>se hizo c\u00e9lebre en Hollywood por llevar pantalones<\/strong>, que se consideraban escandalosos para las mujeres en la \u00e9poca.<\/p>\n<div class=\"article-asset-image article-asset-normal\">\n<div class=\"asset-content\"><img decoding=\"async\" loading=\"lazy\" class=\"centro_sinmarco aligncenter\" src=\"https:\/\/i.blogs.es\/19d93f\/hepburn\/450_1000.jpg\" srcset=\"https:\/\/i.blogs.es\/19d93f\/hepburn\/450_1000.jpg 450w, https:\/\/i.blogs.es\/19d93f\/hepburn\/650_1200.jpg 681w, https:\/\/i.blogs.es\/19d93f\/hepburn\/1024_2000.jpg 1024w, https:\/\/i.blogs.es\/19d93f\/hepburn\/1366_2000.jpg 1366w\" alt=\"Hepburn\" width=\"247\" height=\"349\" data-sf-srcset=\"https:\/\/i.blogs.es\/19d93f\/hepburn\/450_1000.jpg 450w, https:\/\/i.blogs.es\/19d93f\/hepburn\/650_1200.jpg 681w, https:\/\/i.blogs.es\/19d93f\/hepburn\/1024_2000.jpg 1024w, https:\/\/i.blogs.es\/19d93f\/hepburn\/1366_2000.jpg 1366w\" data-sf-src=\"https:\/\/i.blogs.es\/19d93f\/hepburn\/450_1000.jpg\" \/><\/div>\n<\/div>\n<h2 style=\"text-align: center;\">Simone de Beauvoir (1908-1986)<\/h2>\n<p>Fil\u00f3sofa y escritora francesa, Simone de Beauvoir fue una luchadora contra el sistema patriarcal, especialmente tras la publicaci\u00f3n de su libro\u00a0<em>El segundo sexo<\/em>, en 1949, que\u00a0<strong>defiende que los hombres han negado sistem\u00e1ticamente la identidad femenina<\/strong>. Centra sus cr\u00edticas en la educaci\u00f3n de las ni\u00f1as, y en la visi\u00f3n de la maternidad como algo esencialmente femenino.<\/p>\n<div class=\"article-asset-image article-asset-normal\">\n<div class=\"asset-content\"><img decoding=\"async\" loading=\"lazy\" class=\"centro_sinmarco aligncenter\" src=\"https:\/\/i.blogs.es\/d4b1a5\/simone\/450_1000.jpg\" srcset=\"https:\/\/i.blogs.es\/d4b1a5\/simone\/450_1000.jpg 450w, https:\/\/i.blogs.es\/d4b1a5\/simone\/650_1200.jpg 681w, https:\/\/i.blogs.es\/d4b1a5\/simone\/1024_2000.jpg 1024w, https:\/\/i.blogs.es\/d4b1a5\/simone\/1366_2000.jpg 1366w\" alt=\"Simone\" width=\"179\" height=\"246\" data-sf-srcset=\"https:\/\/i.blogs.es\/d4b1a5\/simone\/450_1000.jpg 450w, https:\/\/i.blogs.es\/d4b1a5\/simone\/650_1200.jpg 681w, https:\/\/i.blogs.es\/d4b1a5\/simone\/1024_2000.jpg 1024w, https:\/\/i.blogs.es\/d4b1a5\/simone\/1366_2000.jpg 1366w\" data-sf-src=\"https:\/\/i.blogs.es\/d4b1a5\/simone\/450_1000.jpg\" \/><\/div>\n<\/div>\n<h2 style=\"text-align: center;\">Pauli Murray (1910-1985)<\/h2>\n<p>La activista y escritora Pauli Murray hizo historia en varias ocasiones en su vida. Primero, al ser la primera mujer doctorada en Yale. Despu\u00e9s, al cofundar la\u00a0<em>National Organization for Women<\/em>\u00a0(\u00abOrganizaci\u00f3n Nacional para las Mujeres\u00bb), todav\u00eda en funcionamiento. Y, por \u00faltimo, por convertirse en\u00a0<strong>la primera mujer negra en ser ordenada pastora de la Iglesia Episcopal<\/strong>\u00a0en 1976.<\/p>\n<div class=\"article-asset-image article-asset-normal\">\n<div class=\"asset-content\"><img decoding=\"async\" loading=\"lazy\" class=\"centro_sinmarco aligncenter\" src=\"https:\/\/i.blogs.es\/ffb0d8\/pauli\/450_1000.png\" srcset=\"https:\/\/i.blogs.es\/ffb0d8\/pauli\/450_1000.png 450w, https:\/\/i.blogs.es\/ffb0d8\/pauli\/650_1200.png 681w, https:\/\/i.blogs.es\/ffb0d8\/pauli\/1024_2000.png 1024w, https:\/\/i.blogs.es\/ffb0d8\/pauli\/1366_2000.png 1366w\" alt=\"Pauli\" width=\"290\" height=\"208\" data-sf-srcset=\"https:\/\/i.blogs.es\/ffb0d8\/pauli\/450_1000.png 450w, https:\/\/i.blogs.es\/ffb0d8\/pauli\/650_1200.png 681w, https:\/\/i.blogs.es\/ffb0d8\/pauli\/1024_2000.png 1024w, https:\/\/i.blogs.es\/ffb0d8\/pauli\/1366_2000.png 1366w\" data-sf-src=\"https:\/\/i.blogs.es\/ffb0d8\/pauli\/450_1000.png\" \/><\/div>\n<\/div>\n<h2 style=\"text-align: center;\">Rosa Parks (1913-2005)<\/h2>\n<p>Activista y s\u00edmbolo del movimiento americano por los derechos civiles, Rosa Parks\u00a0<strong>fue la mujer que se neg\u00f3 a ceder su asiento en un autob\u00fas a un hombre blanco<\/strong>(y que fue detenida por ello), hecho que llev\u00f3 de forma indirecta a la legislaci\u00f3n anti-apartheid en el sur de Estados Unidos.<\/p>\n<div class=\"article-asset-image article-asset-normal\">\n<div class=\"asset-content\"><img decoding=\"async\" loading=\"lazy\" class=\"centro_sinmarco aligncenter\" src=\"https:\/\/i.blogs.es\/1e49a8\/rosa\/450_1000.jpg\" srcset=\"https:\/\/i.blogs.es\/1e49a8\/rosa\/450_1000.jpg 450w, https:\/\/i.blogs.es\/1e49a8\/rosa\/650_1200.jpg 681w, https:\/\/i.blogs.es\/1e49a8\/rosa\/1024_2000.jpg 1024w, https:\/\/i.blogs.es\/1e49a8\/rosa\/1366_2000.jpg 1366w\" alt=\"Rosa\" width=\"245\" height=\"266\" data-sf-srcset=\"https:\/\/i.blogs.es\/1e49a8\/rosa\/450_1000.jpg 450w, https:\/\/i.blogs.es\/1e49a8\/rosa\/650_1200.jpg 681w, https:\/\/i.blogs.es\/1e49a8\/rosa\/1024_2000.jpg 1024w, https:\/\/i.blogs.es\/1e49a8\/rosa\/1366_2000.jpg 1366w\" data-sf-src=\"https:\/\/i.blogs.es\/1e49a8\/rosa\/450_1000.jpg\" \/><\/div>\n<\/div>\n<h2 style=\"text-align: center;\">Indira Gandhi (1917-1984)<\/h2>\n<p>Fue una pionera en ocupar un puesto de primera plana pol\u00edtica en un pa\u00eds en el que la mujer es todav\u00eda hoy un ciudadano de segunda, la India. Particip\u00f3 activamente en la lucha por la independencia del pa\u00eds y\u00a0<strong>fue primera ministra en dos ocasiones, por un total de quince a\u00f1os<\/strong>. Muri\u00f3 asesinada por sus propios guardaespaldas en 1984.<\/p>\n<div class=\"article-asset-image article-asset-normal\">\n<div class=\"asset-content\"><img decoding=\"async\" loading=\"lazy\" class=\"centro_sinmarco aligncenter\" src=\"https:\/\/i.blogs.es\/82a72c\/indira\/450_1000.jpg\" srcset=\"https:\/\/i.blogs.es\/82a72c\/indira\/450_1000.jpg 450w, https:\/\/i.blogs.es\/82a72c\/indira\/650_1200.jpg 681w, https:\/\/i.blogs.es\/82a72c\/indira\/1024_2000.jpg 1024w, https:\/\/i.blogs.es\/82a72c\/indira\/1366_2000.jpg 1366w\" alt=\"Indira\" width=\"302\" height=\"428\" data-sf-srcset=\"https:\/\/i.blogs.es\/82a72c\/indira\/450_1000.jpg 450w, https:\/\/i.blogs.es\/82a72c\/indira\/650_1200.jpg 681w, https:\/\/i.blogs.es\/82a72c\/indira\/1024_2000.jpg 1024w, https:\/\/i.blogs.es\/82a72c\/indira\/1366_2000.jpg 1366w\" data-sf-src=\"https:\/\/i.blogs.es\/82a72c\/indira\/450_1000.jpg\" \/><\/div>\n<\/div>\n<h2 style=\"text-align: center;\">Doris Lessing (1919-2013)<\/h2>\n<p>Aunque durante su vida nunca se defini\u00f3 expresamente como feminista, Doris Lessing es considerada un icono del movimiento, especialmente tras la publicaci\u00f3n de su obra\u00a0<em>El cuaderno dorado<\/em>, en 1962. En 2007 se le concedi\u00f3 el Premio Nobel de Literatura por su \u00ab<strong>capacidad para transmitir la \u00e9pica de la experiencia femenina<\/strong>y narrar la divisi\u00f3n de la civilizaci\u00f3n con escepticismo, pasi\u00f3n y fuerza visionaria\u00bb.<\/p>\n<div class=\"article-asset-image article-asset-normal\">\n<div class=\"asset-content\"><img decoding=\"async\" loading=\"lazy\" class=\"centro_sinmarco aligncenter\" src=\"https:\/\/i.blogs.es\/74da45\/doris\/450_1000.jpg\" srcset=\"https:\/\/i.blogs.es\/74da45\/doris\/450_1000.jpg 450w, https:\/\/i.blogs.es\/74da45\/doris\/650_1200.jpg 681w, https:\/\/i.blogs.es\/74da45\/doris\/1024_2000.jpg 1024w, https:\/\/i.blogs.es\/74da45\/doris\/1366_2000.jpg 1366w\" alt=\"Doris\" width=\"328\" height=\"269\" data-sf-srcset=\"https:\/\/i.blogs.es\/74da45\/doris\/450_1000.jpg 450w, https:\/\/i.blogs.es\/74da45\/doris\/650_1200.jpg 681w, https:\/\/i.blogs.es\/74da45\/doris\/1024_2000.jpg 1024w, https:\/\/i.blogs.es\/74da45\/doris\/1366_2000.jpg 1366w\" data-sf-src=\"https:\/\/i.blogs.es\/74da45\/doris\/450_1000.jpg\" \/><\/div>\n<\/div>\n<h2 style=\"text-align: center;\">Betty Friedan (1921-2006)<\/h2>\n<p>Betty Friedan es considerada la\u00a0<strong>propulsora de la segunda ola de feminismo<\/strong>. A partir de la publicaci\u00f3n de su libro\u00a0<em>The Feminine Mystique<\/em>, en 1963, se convirti\u00f3 en colaboradora y fundadora de m\u00faltiples asociaciones que lucharon por los derechos de la mujer y la igualdad de sexos.<\/p>\n<div class=\"article-asset-image article-asset-normal\">\n<div class=\"asset-content\"><img decoding=\"async\" loading=\"lazy\" class=\"centro_sinmarco aligncenter\" src=\"https:\/\/i.blogs.es\/1f3803\/betty\/450_1000.jpg\" srcset=\"https:\/\/i.blogs.es\/1f3803\/betty\/450_1000.jpg 450w, https:\/\/i.blogs.es\/1f3803\/betty\/650_1200.jpg 681w, https:\/\/i.blogs.es\/1f3803\/betty\/1024_2000.jpg 1024w, https:\/\/i.blogs.es\/1f3803\/betty\/1366_2000.jpg 1366w\" alt=\"Betty\" width=\"280\" height=\"359\" data-sf-srcset=\"https:\/\/i.blogs.es\/1f3803\/betty\/450_1000.jpg 450w, https:\/\/i.blogs.es\/1f3803\/betty\/650_1200.jpg 681w, https:\/\/i.blogs.es\/1f3803\/betty\/1024_2000.jpg 1024w, https:\/\/i.blogs.es\/1f3803\/betty\/1366_2000.jpg 1366w\" data-sf-src=\"https:\/\/i.blogs.es\/1f3803\/betty\/450_1000.jpg\" \/><\/div>\n<\/div>\n<h2 style=\"text-align: center;\">Margaret Thatcher (1925-2013)<\/h2>\n<p>La historia de la mujer tiene curiosos recovecos. Como el hecho de que una mujer que un d\u00eda declar\u00f3 que\u00a0<strong>\u00abodio el feminismo. Es un veneno\u00bb<\/strong>\u00a0forme parte de la lista de mujeres que m\u00e1s han cambiado los movimientos femeninos. Ser la primera ministra del Reino Unido durante m\u00e1s de una d\u00e9cada la convirti\u00f3, contra su voluntad, en un s\u00edmbolo de la ruptura de los techos de cristal.<\/p>\n<div class=\"article-asset-image article-asset-normal\">\n<div class=\"asset-content\"><img decoding=\"async\" loading=\"lazy\" class=\"centro_sinmarco aligncenter\" src=\"https:\/\/i.blogs.es\/bf5118\/thatcher\/450_1000.png\" srcset=\"https:\/\/i.blogs.es\/bf5118\/thatcher\/450_1000.png 450w, https:\/\/i.blogs.es\/bf5118\/thatcher\/650_1200.png 681w, https:\/\/i.blogs.es\/bf5118\/thatcher\/1024_2000.png 1024w, https:\/\/i.blogs.es\/bf5118\/thatcher\/1366_2000.png 1366w\" alt=\"Thatcher\" width=\"250\" height=\"348\" data-sf-srcset=\"https:\/\/i.blogs.es\/bf5118\/thatcher\/450_1000.png 450w, https:\/\/i.blogs.es\/bf5118\/thatcher\/650_1200.png 681w, https:\/\/i.blogs.es\/bf5118\/thatcher\/1024_2000.png 1024w, https:\/\/i.blogs.es\/bf5118\/thatcher\/1366_2000.png 1366w\" data-sf-src=\"https:\/\/i.blogs.es\/bf5118\/thatcher\/450_1000.png\" \/><\/div>\n<\/div>\n<h2 style=\"text-align: center;\">Nawal El Saadawi (1931)<\/h2>\n<p>Escritora, activista y m\u00e9dica egipcia, Saadawi\u00a0<strong>sufri\u00f3 mutilaci\u00f3n genital cuando era ni\u00f1a<\/strong>\u00a0y ha dedicado toda su vida a hacer campa\u00f1a contra esta pr\u00e1ctica. La publicaci\u00f3n de su libro\u00a0<em>Mujeres y sexo<\/em>, en 1972, en el que denunciaba esta pr\u00e1ctica, le cost\u00f3 su puesto como Directora General de Salud P\u00fablica de Egipto.<\/p>\n<div class=\"article-asset-image article-asset-normal\">\n<div class=\"asset-content\"><img decoding=\"async\" loading=\"lazy\" class=\"centro_sinmarco aligncenter\" src=\"https:\/\/i.blogs.es\/df7182\/nawal\/450_1000.jpg\" srcset=\"https:\/\/i.blogs.es\/df7182\/nawal\/450_1000.jpg 450w, https:\/\/i.blogs.es\/df7182\/nawal\/650_1200.jpg 681w, https:\/\/i.blogs.es\/df7182\/nawal\/1024_2000.jpg 1024w, https:\/\/i.blogs.es\/df7182\/nawal\/1366_2000.jpg 1366w\" alt=\"Nawal\" width=\"310\" height=\"429\" data-sf-srcset=\"https:\/\/i.blogs.es\/df7182\/nawal\/450_1000.jpg 450w, https:\/\/i.blogs.es\/df7182\/nawal\/650_1200.jpg 681w, https:\/\/i.blogs.es\/df7182\/nawal\/1024_2000.jpg 1024w, https:\/\/i.blogs.es\/df7182\/nawal\/1366_2000.jpg 1366w\" data-sf-src=\"https:\/\/i.blogs.es\/df7182\/nawal\/450_1000.jpg\" \/><\/div>\n<\/div>\n<h2 style=\"text-align: center;\">Sylvia Plath (1932-1963)<\/h2>\n<p>Exitosa poeta de mediados del siglo XX, se convirti\u00f3 en un icono del feminismo tras su suicidio, ya que fue uno de los primeros casos en que se visibiliz\u00f3 la\u00a0<strong>lucha contra la depresi\u00f3n y la presi\u00f3n causada por las expectativas puestas sobre las mujeres<\/strong>\u00a0en un mundo androc\u00e9ntrico. Su libro\u00a0<em>The Bell Jar<\/em>\u00a0(<a href=\"https:\/\/www.trendencias.com\/redirect?url=https%3A%2F%2Fwww.amazon.es%2Fcampana-cristal-Xl-edhasa%2Fdp%2F843501956X%2Fref%3Dsr_1_1%3Fs%3Dbooks%26ie%3DUTF8%26qid%3D1506982655%26sr%3D1-1%26keywords%3Dla%2Bcampana%2Bde%2Bcristal&amp;category=feminismo\">\u00abLa campana de cristal\u00bb<\/a>), de 1963, refleja su lucha de forma franca y cruda.<\/p>\n<div class=\"article-asset-image article-asset-normal\">\n<div class=\"asset-content\"><img decoding=\"async\" loading=\"lazy\" class=\"centro_sinmarco aligncenter\" src=\"https:\/\/i.blogs.es\/cfc80b\/sylvia-plath\/450_1000.jpg\" srcset=\"https:\/\/i.blogs.es\/cfc80b\/sylvia-plath\/450_1000.jpg 450w, https:\/\/i.blogs.es\/cfc80b\/sylvia-plath\/650_1200.jpg 681w, https:\/\/i.blogs.es\/cfc80b\/sylvia-plath\/1024_2000.jpg 1024w, https:\/\/i.blogs.es\/cfc80b\/sylvia-plath\/1366_2000.jpg 1366w\" alt=\"Sylvia Plath\" width=\"236\" height=\"236\" data-sf-srcset=\"https:\/\/i.blogs.es\/cfc80b\/sylvia-plath\/450_1000.jpg 450w, https:\/\/i.blogs.es\/cfc80b\/sylvia-plath\/650_1200.jpg 681w, https:\/\/i.blogs.es\/cfc80b\/sylvia-plath\/1024_2000.jpg 1024w, https:\/\/i.blogs.es\/cfc80b\/sylvia-plath\/1366_2000.jpg 1366w\" data-sf-src=\"https:\/\/i.blogs.es\/cfc80b\/sylvia-plath\/450_1000.jpg\" \/><\/div>\n<\/div>\n<h2 style=\"text-align: center;\">Susan Sontag (1933-2004)<\/h2>\n<p>Una de las figuras intelectuales m\u00e1s destacadas del siglo XX, Susan Sontag fue pol\u00e9mica durante toda su vida, marcada por su intensa actividad acad\u00e9mica y su lucha por\u00a0<strong>defender la igualdad entre hombres y mujeres, los derechos de los homosexuales<\/strong>\u00a0y la concienciaci\u00f3n contra enfermedades como el c\u00e1ncer o la leucemia.<\/p>\n<div class=\"article-asset-image article-asset-normal\">\n<div class=\"asset-content\"><img decoding=\"async\" loading=\"lazy\" class=\"centro_sinmarco aligncenter\" src=\"https:\/\/i.blogs.es\/bb6b6d\/susan-sontag\/450_1000.jpg\" srcset=\"https:\/\/i.blogs.es\/bb6b6d\/susan-sontag\/450_1000.jpg 450w, https:\/\/i.blogs.es\/bb6b6d\/susan-sontag\/650_1200.jpg 681w, https:\/\/i.blogs.es\/bb6b6d\/susan-sontag\/1024_2000.jpg 1024w, https:\/\/i.blogs.es\/bb6b6d\/susan-sontag\/1366_2000.jpg 1366w\" alt=\"Susan Sontag\" width=\"330\" height=\"474\" data-sf-srcset=\"https:\/\/i.blogs.es\/bb6b6d\/susan-sontag\/450_1000.jpg 450w, https:\/\/i.blogs.es\/bb6b6d\/susan-sontag\/650_1200.jpg 681w, https:\/\/i.blogs.es\/bb6b6d\/susan-sontag\/1024_2000.jpg 1024w, https:\/\/i.blogs.es\/bb6b6d\/susan-sontag\/1366_2000.jpg 1366w\" data-sf-src=\"https:\/\/i.blogs.es\/bb6b6d\/susan-sontag\/450_1000.jpg\" \/><\/div>\n<\/div>\n<h2 style=\"text-align: center;\">Gloria Steinem (1934)<\/h2>\n<p>Gloria Steinem es una de las caras m\u00e1s reconocibles de la historia del feminismo. Periodista estadounidense y fundadora de la revista\u00a0<em>Ms<\/em>, se convirti\u00f3 en la\u00a0<strong>portavoz casi oficial del movimiento feminista en los a\u00f1os 60<\/strong>\u00a0y principios de los 70 del siglo pasado.<\/p>\n<h2 style=\"text-align: center;\">Margaret Atwood (1939)<\/h2>\n<p>El nombre de la autora canadiense Margaret Atwood est\u00e1 de m\u00e1xima actualidad gracias al \u00e9xito de la adaptaci\u00f3n televisiva de su gran obra,\u00a0<em><a href=\"https:\/\/www.trendencias.com\/ocio\/las-cinco-claves-por-las-que-nos-parece-tan-increible-el-cuento-de-la-criada\">The Handmais&#8217;s Tale<\/a><\/em>\u00a0(\u00abEl cuento de la criada\u00bb), que narra\u00a0<strong>un entorno dist\u00f3pico en el que las mujeres son simples elementos aptos para la reproducci\u00f3n<\/strong>\u00a0y que es considerado uno de los grandes libros feministas de la historia.<\/p>\n<div class=\"article-asset-image article-asset-normal\">\n<div class=\"asset-content\"><img decoding=\"async\" loading=\"lazy\" class=\"centro_sinmarco aligncenter\" src=\"https:\/\/i.blogs.es\/a13bee\/atwood\/450_1000.jpg\" srcset=\"https:\/\/i.blogs.es\/a13bee\/atwood\/450_1000.jpg 450w, https:\/\/i.blogs.es\/a13bee\/atwood\/650_1200.jpg 681w, https:\/\/i.blogs.es\/a13bee\/atwood\/1024_2000.jpg 1024w, https:\/\/i.blogs.es\/a13bee\/atwood\/1366_2000.jpg 1366w\" alt=\"Atwood\" width=\"288\" height=\"432\" data-sf-srcset=\"https:\/\/i.blogs.es\/a13bee\/atwood\/450_1000.jpg 450w, https:\/\/i.blogs.es\/a13bee\/atwood\/650_1200.jpg 681w, https:\/\/i.blogs.es\/a13bee\/atwood\/1024_2000.jpg 1024w, https:\/\/i.blogs.es\/a13bee\/atwood\/1366_2000.jpg 1366w\" data-sf-src=\"https:\/\/i.blogs.es\/a13bee\/atwood\/450_1000.jpg\" \/><\/div>\n<\/div>\n<h2 style=\"text-align: center;\">Alice Walker (1944)<\/h2>\n<p>Otra escritora cuya obra m\u00e1s conocida ha pasado a los anales del\u00a0<a href=\"https:\/\/www.trendencias.com\/ocio\/21-libros-imprescindibles-en-la-biblioteca-de-una-mujer\">feminismo literario<\/a>\u00a0es\u00a0<strong>Alice Walker, ganadora del Premio Pulitzer por\u00a0<em>El color p\u00farpura<\/em><\/strong>, una novela que narra la lucha por la liberaci\u00f3n de las mujeres negras. Siempre ha estado implicada en el movimiento de los derechos civiles y con el llamado feminismo radical de los a\u00f1os 60 y 70.<\/p>\n<div class=\"article-asset-image article-asset-normal\">\n<div class=\"asset-content\"><img decoding=\"async\" loading=\"lazy\" class=\"centro_sinmarco aligncenter\" src=\"https:\/\/i.blogs.es\/e38af2\/alice-walker\/450_1000.jpg\" srcset=\"https:\/\/i.blogs.es\/e38af2\/alice-walker\/450_1000.jpg 450w, https:\/\/i.blogs.es\/e38af2\/alice-walker\/650_1200.jpg 681w, https:\/\/i.blogs.es\/e38af2\/alice-walker\/1024_2000.jpg 1024w, https:\/\/i.blogs.es\/e38af2\/alice-walker\/1366_2000.jpg 1366w\" alt=\"Alice Walker\" width=\"299\" height=\"259\" data-sf-srcset=\"https:\/\/i.blogs.es\/e38af2\/alice-walker\/450_1000.jpg 450w, https:\/\/i.blogs.es\/e38af2\/alice-walker\/650_1200.jpg 681w, https:\/\/i.blogs.es\/e38af2\/alice-walker\/1024_2000.jpg 1024w, https:\/\/i.blogs.es\/e38af2\/alice-walker\/1366_2000.jpg 1366w\" data-sf-src=\"https:\/\/i.blogs.es\/e38af2\/alice-walker\/450_1000.jpg\" \/><\/div>\n<\/div>\n<h2 style=\"text-align: center;\">Bell Hooks (1952)<\/h2>\n<p>Prol\u00edfica escritora y activista feminista y acad\u00e9mica, bell hooks (escrito en min\u00fasculas, por un deseo de evitar que su persona eclipse su obra) ha centrado su carrera en la interconexi\u00f3n entre pol\u00edticas de raza, clase y g\u00e9nero en los Estados Unidos. Su libro\u00a0<a href=\"https:\/\/www.trendencias.com\/redirect?url=https%3A%2F%2Fwww.amazon.es%2FAint-Woman-Black-Women-Feminism%2Fdp%2FB000QY1D9C%2Fref%3Dsr_1_1%3Fs%3Dbooks%26ie%3DUTF8%26qid%3D1506977249%26sr%3D1-1%26keywords%3DAin%25E2%2580%2599t%2BI%2Ba%2BWoman%253F%253A%2BBlack%2BWomen%2Band%2BFeminism&amp;category=feminismo\"><em>Ain\u2019t I a Woman?: Black Women and Feminism<\/em><\/a>\u00a0supuso\u00a0<strong>un punto de inflexi\u00f3n en el feminismo de segunda ola<\/strong>, del que critica que no tuviera en cuenta las diferencias raciales.<\/p>\n<div class=\"article-asset-image article-asset-normal\">\n<div class=\"asset-content\"><img decoding=\"async\" loading=\"lazy\" class=\"centro_sinmarco aligncenter\" src=\"https:\/\/i.blogs.es\/290f93\/bell\/450_1000.jpg\" srcset=\"https:\/\/i.blogs.es\/290f93\/bell\/450_1000.jpg 450w, https:\/\/i.blogs.es\/290f93\/bell\/650_1200.jpg 681w, https:\/\/i.blogs.es\/290f93\/bell\/1024_2000.jpg 1024w, https:\/\/i.blogs.es\/290f93\/bell\/1366_2000.jpg 1366w\" alt=\"Bell\" width=\"474\" height=\"324\" data-sf-srcset=\"https:\/\/i.blogs.es\/290f93\/bell\/450_1000.jpg 450w, https:\/\/i.blogs.es\/290f93\/bell\/650_1200.jpg 681w, https:\/\/i.blogs.es\/290f93\/bell\/1024_2000.jpg 1024w, https:\/\/i.blogs.es\/290f93\/bell\/1366_2000.jpg 1366w\" data-sf-src=\"https:\/\/i.blogs.es\/290f93\/bell\/450_1000.jpg\" \/><\/div>\n<\/div>\n<h2 style=\"text-align: center;\">Benazir Bhutto (1953-2007)<\/h2>\n<p>Su biograf\u00eda parece similar a la de Indira Gandhi. Tambi\u00e9n pionera como primera ministra de su pa\u00eds, Pakist\u00e1n, en dos ocasiones, corri\u00f3 una suerte similar al final de su vida: fue asesinada en plena campa\u00f1a pol\u00edtica en 2007.\u00a0<strong>Fue la primera mujer en presidir un pa\u00eds de mayor\u00eda musulmana<\/strong>.<\/p>\n<div class=\"article-asset-image article-asset-normal\">\n<div class=\"asset-content\"><img decoding=\"async\" loading=\"lazy\" class=\"centro_sinmarco aligncenter\" src=\"https:\/\/i.blogs.es\/188361\/benazir\/450_1000.jpg\" srcset=\"https:\/\/i.blogs.es\/188361\/benazir\/450_1000.jpg 450w, https:\/\/i.blogs.es\/188361\/benazir\/650_1200.jpg 681w, https:\/\/i.blogs.es\/188361\/benazir\/1024_2000.jpg 1024w, https:\/\/i.blogs.es\/188361\/benazir\/1366_2000.jpg 1366w\" alt=\"Benazir\" width=\"382\" height=\"575\" data-sf-srcset=\"https:\/\/i.blogs.es\/188361\/benazir\/450_1000.jpg 450w, https:\/\/i.blogs.es\/188361\/benazir\/650_1200.jpg 681w, https:\/\/i.blogs.es\/188361\/benazir\/1024_2000.jpg 1024w, https:\/\/i.blogs.es\/188361\/benazir\/1366_2000.jpg 1366w\" data-sf-src=\"https:\/\/i.blogs.es\/188361\/benazir\/450_1000.jpg\" \/><\/div>\n<\/div>\n<h2 style=\"text-align: center;\">Oprah Winfrey (1954)<\/h2>\n<p>Ha sido la\u00a0<strong>primera mujer en producir y presentar un\u00a0<em>talk show<\/em><\/strong>\u00a0de m\u00e1xima audiencia en Estados Unidos, adem\u00e1s de trabajar por la igualdad desde el comienzo de su carrera, con iniciativas como la fundaci\u00f3n de la Academia de Liderazgo Oprah Winfrey para ayudar a las ni\u00f1as de \u00c1frica del Sur.<\/p>\n<div class=\"article-asset-image article-asset-normal\">\n<div class=\"asset-content\"><img decoding=\"async\" loading=\"lazy\" class=\"centro_sinmarco aligncenter\" src=\"https:\/\/i.blogs.es\/1a7f9a\/oprah\/450_1000.jpg\" srcset=\"https:\/\/i.blogs.es\/1a7f9a\/oprah\/450_1000.jpg 450w, https:\/\/i.blogs.es\/1a7f9a\/oprah\/650_1200.jpg 681w, https:\/\/i.blogs.es\/1a7f9a\/oprah\/1024_2000.jpg 1024w, https:\/\/i.blogs.es\/1a7f9a\/oprah\/1366_2000.jpg 1366w\" alt=\"Oprah\" width=\"319\" height=\"417\" data-sf-srcset=\"https:\/\/i.blogs.es\/1a7f9a\/oprah\/450_1000.jpg 450w, https:\/\/i.blogs.es\/1a7f9a\/oprah\/650_1200.jpg 681w, https:\/\/i.blogs.es\/1a7f9a\/oprah\/1024_2000.jpg 1024w, https:\/\/i.blogs.es\/1a7f9a\/oprah\/1366_2000.jpg 1366w\" data-sf-src=\"https:\/\/i.blogs.es\/1a7f9a\/oprah\/450_1000.jpg\" \/><\/div>\n<\/div>\n<h2 style=\"text-align: center;\">Naomi Wolf (1962)<\/h2>\n<p>Si el movimiento\u00a0<em>body positive<\/em>\u00a0tiene una madre, esa es Naomi Wolf, cuyo\u00a0<em>best-seller<\/em>de 1991\u00a0<em><a href=\"https:\/\/www.trendencias.com\/redirect?url=https%3A%2F%2Fwww.amazon.es%2FBeauty-Myth-Images-Against-1990-09-10%2Fdp%2FB01K8ZBNN4%2Fref%3Dsr_1_1%3Fs%3Dbooks%26ie%3DUTF8%26qid%3D1506977307%26sr%3D1-1%26keywords%3DThe%2BBeauty%2BMyth&amp;category=feminismo\">The Beauty Myth<\/a><\/em>\u00a0la catapult\u00f3 como representante del feminismo de tercera ola. Su idea es que\u00a0<strong>el mito de la delgadez femenina no tiene nada que ver con la belleza<\/strong>, sino con la obediencia al patriarcado.<\/p>\n<div class=\"article-asset-image article-asset-normal\">\n<div class=\"asset-content\"><img decoding=\"async\" loading=\"lazy\" class=\"centro_sinmarco aligncenter\" src=\"https:\/\/i.blogs.es\/f46ed8\/naomi\/450_1000.jpg\" srcset=\"https:\/\/i.blogs.es\/f46ed8\/naomi\/450_1000.jpg 450w, https:\/\/i.blogs.es\/f46ed8\/naomi\/650_1200.jpg 681w, https:\/\/i.blogs.es\/f46ed8\/naomi\/1024_2000.jpg 1024w, https:\/\/i.blogs.es\/f46ed8\/naomi\/1366_2000.jpg 1366w\" alt=\"Naomi\" width=\"470\" height=\"355\" data-sf-srcset=\"https:\/\/i.blogs.es\/f46ed8\/naomi\/450_1000.jpg 450w, https:\/\/i.blogs.es\/f46ed8\/naomi\/650_1200.jpg 681w, https:\/\/i.blogs.es\/f46ed8\/naomi\/1024_2000.jpg 1024w, https:\/\/i.blogs.es\/f46ed8\/naomi\/1366_2000.jpg 1366w\" data-sf-src=\"https:\/\/i.blogs.es\/f46ed8\/naomi\/450_1000.jpg\" \/><\/div>\n<\/div>\n<h2 style=\"text-align: center;\">Michelle Obama (1964)<\/h2>\n<p>Michelle Obama se convirti\u00f3 en 2009 en la\u00a0<strong>primera mujer afroamericana en ser Primera Dama de los Estados Unidos<\/strong>. A lo largo de los ocho a\u00f1os que pas\u00f3 en el cargo, destac\u00f3 por su defensa de los derechos de las minor\u00edas \u00e9tnicas, la lucha por la educaci\u00f3n de las ni\u00f1as de todo el mundo y se gan\u00f3 con su carisma el ser una de las mujeres m\u00e1s admiradas dentro y fuera de su pa\u00eds.<\/p>\n<div class=\"article-asset-image article-asset-normal\">\n<div class=\"asset-content\"><img decoding=\"async\" loading=\"lazy\" class=\"centro_sinmarco aligncenter\" src=\"https:\/\/i.blogs.es\/5bdd81\/michelle\/450_1000.jpg\" srcset=\"https:\/\/i.blogs.es\/5bdd81\/michelle\/450_1000.jpg 450w, https:\/\/i.blogs.es\/5bdd81\/michelle\/650_1200.jpg 681w, https:\/\/i.blogs.es\/5bdd81\/michelle\/1024_2000.jpg 1024w, https:\/\/i.blogs.es\/5bdd81\/michelle\/1366_2000.jpg 1366w\" alt=\"Michelle\" width=\"421\" height=\"340\" data-sf-srcset=\"https:\/\/i.blogs.es\/5bdd81\/michelle\/450_1000.jpg 450w, https:\/\/i.blogs.es\/5bdd81\/michelle\/650_1200.jpg 681w, https:\/\/i.blogs.es\/5bdd81\/michelle\/1024_2000.jpg 1024w, https:\/\/i.blogs.es\/5bdd81\/michelle\/1366_2000.jpg 1366w\" data-sf-src=\"https:\/\/i.blogs.es\/5bdd81\/michelle\/450_1000.jpg\" \/><\/div>\n<\/div>\n<h2 style=\"text-align: center;\">Waris Dirie (1965)<\/h2>\n<p>De origen somal\u00ed,\u00a0<a href=\"https:\/\/belleza.trendencias.com\/consejos-de-belleza\/waris-dirie-la-voz-contra-la-mutiliacion-genital-femenina\">Waris Dirie<\/a>\u00a0sufri\u00f3 la mutilaci\u00f3n genital cuando era ni\u00f1a y,\u00a0<strong>tras convertirse en una reconocida modelo internacional, hizo p\u00fablica su experiencia<\/strong>\u00a0y dedic\u00f3 el resto de su vida a luchar contra esa pr\u00e1ctica, como embajadora especial de la ONU y al frente, posteriormente, de su propia organizaci\u00f3n.<\/p>\n<div class=\"article-asset-image article-asset-normal\">\n<div class=\"asset-content\"><img decoding=\"async\" loading=\"lazy\" class=\"centro_sinmarco aligncenter\" src=\"https:\/\/i.blogs.es\/e3eddf\/waris\/450_1000.jpg\" srcset=\"https:\/\/i.blogs.es\/e3eddf\/waris\/450_1000.jpg 450w, https:\/\/i.blogs.es\/e3eddf\/waris\/650_1200.jpg 681w, https:\/\/i.blogs.es\/e3eddf\/waris\/1024_2000.jpg 1024w, https:\/\/i.blogs.es\/e3eddf\/waris\/1366_2000.jpg 1366w\" alt=\"Waris\" width=\"319\" height=\"238\" data-sf-srcset=\"https:\/\/i.blogs.es\/e3eddf\/waris\/450_1000.jpg 450w, https:\/\/i.blogs.es\/e3eddf\/waris\/650_1200.jpg 681w, https:\/\/i.blogs.es\/e3eddf\/waris\/1024_2000.jpg 1024w, https:\/\/i.blogs.es\/e3eddf\/waris\/1366_2000.jpg 1366w\" data-sf-src=\"https:\/\/i.blogs.es\/e3eddf\/waris\/450_1000.jpg\" \/><\/div>\n<\/div>\n<h2 style=\"text-align: center;\">J.K.Rowling (1965)<\/h2>\n<p>Autora de la saga\u00a0<em>Harry Potter<\/em>, J.K. Rowling no es solo una de las mujeres m\u00e1s ricas y populares del planeta, sino que se la considera\u00a0<strong>una impulsora de la lectura infantil y de los derechos de la mujer<\/strong>, que siempre aparecen reflejadas en igualdad en una saga que ella misma escribi\u00f3 mientras era una madre soltera con muchas dificultades econ\u00f3micas. Son muy reconocidas sus opiniones pol\u00edticas y sociales en Twitter, especialmente, en los \u00faltimos tiempos,\u00a0<a href=\"https:\/\/www.trendencias.com\/redes-sociales\/11-veces-en-que-j-k-rowling-se-conviertio-en-hermione-para-combatir-a-donald-trump\">contra el presidente Donald Trump<\/a>.<\/p>\n<div class=\"article-asset-image article-asset-normal\">\n<div class=\"asset-content\"><img decoding=\"async\" loading=\"lazy\" class=\"centro_sinmarco aligncenter\" src=\"https:\/\/i.blogs.es\/cc1f94\/jk\/450_1000.jpg\" srcset=\"https:\/\/i.blogs.es\/cc1f94\/jk\/450_1000.jpg 450w, https:\/\/i.blogs.es\/cc1f94\/jk\/650_1200.jpg 681w, https:\/\/i.blogs.es\/cc1f94\/jk\/1024_2000.jpg 1024w, https:\/\/i.blogs.es\/cc1f94\/jk\/1366_2000.jpg 1366w\" alt=\"Jk\" width=\"454\" height=\"358\" data-sf-srcset=\"https:\/\/i.blogs.es\/cc1f94\/jk\/450_1000.jpg 450w, https:\/\/i.blogs.es\/cc1f94\/jk\/650_1200.jpg 681w, https:\/\/i.blogs.es\/cc1f94\/jk\/1024_2000.jpg 1024w, https:\/\/i.blogs.es\/cc1f94\/jk\/1366_2000.jpg 1366w\" data-sf-src=\"https:\/\/i.blogs.es\/cc1f94\/jk\/450_1000.jpg\" \/><\/div>\n<\/div>\n<h2 style=\"text-align: center;\">Lena Dunham (1986)<\/h2>\n<p>Guionista y cara m\u00e1s visible de la serie\u00a0<em>Girls<\/em>,\u00a0<a href=\"https:\/\/www.trendencias.com\/tag\/lena-dunham\">Lena Dunham<\/a>\u00a0nunca ha dudado en posicionarse como feminista, rompiendo los moldes de la ficci\u00f3n destinada al p\u00fablico femenino y\u00a0<strong>enviando siempre mensajes\u00a0<em>body-positive<\/em>\u00a0para empoderar a todas las mujeres<\/strong>.<\/p>\n<div class=\"article-asset-image article-asset-normal\">\n<div class=\"asset-content\"><img decoding=\"async\" loading=\"lazy\" class=\"centro_sinmarco aligncenter\" src=\"https:\/\/i.blogs.es\/2ac2b2\/lena\/450_1000.jpg\" srcset=\"https:\/\/i.blogs.es\/2ac2b2\/lena\/450_1000.jpg 450w, https:\/\/i.blogs.es\/2ac2b2\/lena\/650_1200.jpg 681w, https:\/\/i.blogs.es\/2ac2b2\/lena\/1024_2000.jpg 1024w, https:\/\/i.blogs.es\/2ac2b2\/lena\/1366_2000.jpg 1366w\" alt=\"Lena\" width=\"487\" height=\"324\" data-sf-srcset=\"https:\/\/i.blogs.es\/2ac2b2\/lena\/450_1000.jpg 450w, https:\/\/i.blogs.es\/2ac2b2\/lena\/650_1200.jpg 681w, https:\/\/i.blogs.es\/2ac2b2\/lena\/1024_2000.jpg 1024w, https:\/\/i.blogs.es\/2ac2b2\/lena\/1366_2000.jpg 1366w\" data-sf-src=\"https:\/\/i.blogs.es\/2ac2b2\/lena\/450_1000.jpg\" \/><\/div>\n<\/div>\n<h2 style=\"text-align: center;\">Emma Watson (1990)<\/h2>\n<p><strong>Una de las caras m\u00e1s visibles del feminismo\u00a0<em>millennial<\/em><\/strong>. Desde su\u00a0<a href=\"https:\/\/www.trendencias.com\/feminismo\/emma-watson-quiere-que-te-leas-estos-libros-feministas-y-a-nosotros-nos-parece-una-gran-idea\">club de lectura de libros feministas<\/a>\u00a0al\u00a0<a href=\"https:\/\/www.trendencias.com\/celebrities-2\/emma-watson-pronuncia-un-discurso-a-favor-de-la-igualdad-en-la-universidad-y-recibe-criticas-sexistas-por-ello\">discurso pronunciado en la sede de las Naciones Unidas<\/a>reclamando la implicaci\u00f3n de los hombres en la lucha feminista, Emma se ha puesto siempre al frente de las causas que luchan por la igualdad.<\/p>\n<div class=\"article-asset-image article-asset-normal\">\n<div class=\"asset-content\"><img decoding=\"async\" loading=\"lazy\" class=\"centro_sinmarco aligncenter\" src=\"https:\/\/i.blogs.es\/6ca35e\/emma\/450_1000.jpg\" srcset=\"https:\/\/i.blogs.es\/6ca35e\/emma\/450_1000.jpg 450w, https:\/\/i.blogs.es\/6ca35e\/emma\/650_1200.jpg 681w, https:\/\/i.blogs.es\/6ca35e\/emma\/1024_2000.jpg 1024w, https:\/\/i.blogs.es\/6ca35e\/emma\/1366_2000.jpg 1366w\" alt=\"Emma\" width=\"429\" height=\"286\" data-sf-srcset=\"https:\/\/i.blogs.es\/6ca35e\/emma\/450_1000.jpg 450w, https:\/\/i.blogs.es\/6ca35e\/emma\/650_1200.jpg 681w, https:\/\/i.blogs.es\/6ca35e\/emma\/1024_2000.jpg 1024w, https:\/\/i.blogs.es\/6ca35e\/emma\/1366_2000.jpg 1366w\" data-sf-src=\"https:\/\/i.blogs.es\/6ca35e\/emma\/450_1000.jpg\" \/><\/div>\n<\/div>\n<h2 style=\"text-align: center;\">Malala Yousafzai (1997)<\/h2>\n<p>Quiz\u00e1 el\u00a0<a href=\"https:\/\/www.trendencias.com\/feminismo\/malala-cumple-20-anos-y-lo-celebra-con-una-fiesta-que-es-un-ejemplo-para-todos-nosotros\">mayor icono del feminismo de la nueva generaci\u00f3n<\/a>.\u00a0<strong>Luchadora por el derecho de las ni\u00f1as a la educaci\u00f3n en su pa\u00eds, Pakist\u00e1n<\/strong>, con solo once a\u00f1os ya escrib\u00eda un blog para la BBC y luchaba contra los talibanes, que pretend\u00edan recortar, m\u00e1s aun, los derechos de la mujer en el pa\u00eds. Con solo 15 a\u00f1os intentaron asesinarla, pero eso no la ha detenido a la hora de dar la vuelta al mundo luchando por el derecho a la educaci\u00f3n. Es la persona m\u00e1s joven premiada con el premio Nobel.<\/p>\n<div class=\"article-asset-image article-asset-normal\">\n<div class=\"asset-content\"><img decoding=\"async\" loading=\"lazy\" class=\"centro_sinmarco aligncenter\" src=\"https:\/\/i.blogs.es\/8dc70b\/malala\/450_1000.jpg\" srcset=\"https:\/\/i.blogs.es\/8dc70b\/malala\/450_1000.jpg 450w, https:\/\/i.blogs.es\/8dc70b\/malala\/650_1200.jpg 681w, https:\/\/i.blogs.es\/8dc70b\/malala\/1024_2000.jpg 1024w, https:\/\/i.blogs.es\/8dc70b\/malala\/1366_2000.jpg 1366w\" alt=\"Malala\" width=\"540\" height=\"369\" data-sf-srcset=\"https:\/\/i.blogs.es\/8dc70b\/malala\/450_1000.jpg 450w, https:\/\/i.blogs.es\/8dc70b\/malala\/650_1200.jpg 681w, https:\/\/i.blogs.es\/8dc70b\/malala\/1024_2000.jpg 1024w, https:\/\/i.blogs.es\/8dc70b\/malala\/1366_2000.jpg 1366w\" data-sf-src=\"https:\/\/i.blogs.es\/8dc70b\/malala\/450_1000.jpg\" \/><\/div>\n<\/div>\n<p>&nbsp;<\/p>\n<p style=\"text-align: right;\">Fte: Trendencias<\/p>\n","protected":false},"excerpt":{"rendered":"<p>Alicia Moreau de Justo:\u00a0mujer pol\u00edtica, defensora de los derechos humanos, pacifista y una de las primeras m\u00e9dicas de la Argentina \u00a0 Fue una de las m\u00e1s fervientes defensoras de los derechos de la mujer, que presidi\u00f3 la Conferencia por la Paz de Am\u00e9rica y fund\u00f3 la Uni\u00f3n Feminista Nacional. Tambi\u00e9n estuvo al frente de la &#8230; <a title=\"Historia de Mujeres que abrieron caminos\" class=\"read-more\" href=\"https:\/\/ies1-caba.infd.edu.ar\/sitio\/historia-de-mujeres-que-abrieron-caminos\/\" aria-label=\"More on Historia de Mujeres que abrieron caminos\">[+]<\/a><\/p>\n","protected":false},"author":1174,"featured_media":0,"parent":0,"menu_order":0,"comment_status":"closed","ping_status":"closed","template":"","meta":[],"acf":[],"_links":{"self":[{"href":"https:\/\/ies1-caba.infd.edu.ar\/sitio\/wp-json\/wp\/v2\/pages\/2462"}],"collection":[{"href":"https:\/\/ies1-caba.infd.edu.ar\/sitio\/wp-json\/wp\/v2\/pages"}],"about":[{"href":"https:\/\/ies1-caba.infd.edu.ar\/sitio\/wp-json\/wp\/v2\/types\/page"}],"author":[{"embeddable":true,"href":"https:\/\/ies1-caba.infd.edu.ar\/sitio\/wp-json\/wp\/v2\/users\/1174"}],"replies":[{"embeddable":true,"href":"https:\/\/ies1-caba.infd.edu.ar\/sitio\/wp-json\/wp\/v2\/comments?post=2462"}],"version-history":[{"count":4,"href":"https:\/\/ies1-caba.infd.edu.ar\/sitio\/wp-json\/wp\/v2\/pages\/2462\/revisions"}],"predecessor-version":[{"id":2467,"href":"https:\/\/ies1-caba.infd.edu.ar\/sitio\/wp-json\/wp\/v2\/pages\/2462\/revisions\/2467"}],"wp:attachment":[{"href":"https:\/\/ies1-caba.infd.edu.ar\/sitio\/wp-json\/wp\/v2\/media?parent=2462"}],"curies":[{"name":"wp","href":"https:\/\/api.w.org\/{rel}","templated":true}]}}