{"id":1800,"date":"2018-08-29T14:22:24","date_gmt":"2018-08-29T17:22:24","guid":{"rendered":"https:\/\/ies1-caba.infd.edu.ar\/sitio\/premio-a-la-educacion-ix-edicion\/"},"modified":"2024-04-18T11:07:02","modified_gmt":"2024-04-18T14:07:02","slug":"pronunciamiento-cd-abril-2024","status":"publish","type":"page","link":"https:\/\/ies1-caba.infd.edu.ar\/sitio\/pronunciamiento-cd-abril-2024\/","title":{"rendered":"Pronunciamiento CD &#8211; Abril 2024"},"content":{"rendered":"<div style=\"color: black ; font-weight: bold; border: 1px solid black; padding: 15px;\">Frente al ataque brutal e in\u00e9dito que est\u00e1 sufriendo la educaci\u00f3n p\u00fablica por parte del gobierno de Javier Milei, el Consejo Directivo del IES N\u00b01 \u00abDra. Alicia Moreau de Justo\u00bb adhiere y convoca a la Marcha Federal Universitaria que se realizar\u00e1 el pr\u00f3ximo martes 23\/04 a las 15.30hs desde el Congreso Nacional hasta Plaza de Mayo. Como estudiantes, docentes y graduadxs de una instituci\u00f3n p\u00fablica no podemos quedarnos callados: Argentina es hist\u00f3ricamente un ejemplo en la regi\u00f3n por su educaci\u00f3n p\u00fablica y gratuita; no vamos a dejar que destruyan lo que tantos a\u00f1os y luchas cost\u00f3 conseguir.<br \/>\nAdem\u00e1s, seguimos exigiendo que el gobierno nacional restituya inmediatamente el pago del FONID, el cual representa entre un 10% y 20% de los salarios docentes y es un derecho adquirido en 1998.<br \/>\nLlamamos a toda la comunidad a pronunciarse y participar de esta convocatoria, la cual ser\u00e1 tambi\u00e9n acompa\u00f1ada por las tres centrales obreras del pa\u00eds y otros organismos de la sociedad civil.<br \/>\nLa educaci\u00f3n no es un privilegio. Es un derecho.\u00bb<\/div>\n<p><script> let slideIndex = 1; showSlides(slideIndex); function plusSlides(n) { showSlides(slideIndex += n); } function currentSlide(n) { showSlides(slideIndex = n); } function showSlides(n) { let i;  let slides = document.getElementsByClassName(\"mySlides\"); let dots = document.getElementsByClassName(\"dot\"); if (n > slides.length) {slideIndex = 1} if (n < 1) {slideIndex = slides.length} for (i = 0; i < slides.length; i++) { slides[i].style.display = \"none\"; } for (i = 0; i < dots.length; i++) { dots[i].className = dots[i].className.replace(\" active\", \"\"); } slides[slideIndex-1].style.display = \"none\";  dots[slideIndex-1].className += \" active\"; } <\/script><br \/>\n<!-- <script> let indiceDiapo = 0;  muestraDiapo(); function muestraDiapo() { let i; let slides = document.getElementsByClassName(\"mySlides\"); let dots = document.getElementsByClassName(\"dot\"); for (i = 0; i < slides.length; i++) { slides[i].style.display = \"none\"; } indiceDiapo++; if (indiceDiapo > slides.length) {indiceDiapo = 1} for (i = 0; i < dots.length; i++) { dots[i].className = dots[i].className.replace(\" active\", \"\"); } slides[indiceDiapo-1].style.display = \"block\"; dots[indiceDiapo-1].className += \" active\"; setTimeout(muestraDiapo, 3000); }<\/script> --><\/p>\n<p><script>document.getElementsByClassName(\"lista\")[0].style.display = \"none\"<\/script><br \/>\n<script>document.getElementsByClassName(\"lista\")[1].style.display = \"none\"<\/script><br \/>\n<script>document.getElementsByClassName(\"lista\")[2].style.display = \"none\"<\/script><br \/>\n<!-- <script>document.getElementsByClassName(\"grid-container grid-parent\")[0].style.display = \"none\"<\/script>\n<script>document.getElementsByClassName(\"grid-container grid-parent\")[1].style.display = \"none\"<\/script>\n<script>document.getElementsByClassName(\"grid-container grid-parent\")[2].style.display = \"none\"<\/script> --><br \/>\n<script>document.getElementsByClassName(\"noticias_redinfod\")[0].style.display = \"none\"<\/script><br \/>\n<script>document.getElementsByClassName(\"noticias_redinfod\")[1].style.display = \"none\"<\/script><br \/>\n<script>document.getElementsByClassName(\"noticias_redinfod\")[2].style.display = \"none\"<\/script><br \/>\n<!-- <script>document.getElementsByClassName(\"grid-container grid-parent\")[3].style.display = \"none\"<\/script>\n<script>document.getElementsByClassName(\"grid-container grid-parent\")[5].style.display = \"none\"<\/script> --><br \/>\n<script> let slideIndex = 1; showSlides(slideIndex); function plusSlides(n) { showSlides(slideIndex += n); } function currentSlide(n) { showSlides(slideIndex = n); } function showSlides(n) { let i;  let slides = document.getElementsByClassName(\"mySlides\"); let dots = document.getElementsByClassName(\"dot\"); if (n > slides.length) {slideIndex = 1} if (n < 1) {slideIndex = slides.length} for (i = 0; i < slides.length; i++) { slides[i].style.display = \"none\"; } for (i = 0; i < dots.length; i++) { dots[i].className = dots[i].className.replace(\" active\", \"\"); } slides[slideIndex-1].style.display = \"none\";  dots[slideIndex-1].className += \" active\"; } <\/script><br \/>\n<!-- <script> let indiceDiapo = 0;  muestraDiapo(); function muestraDiapo() { let i; let slides = document.getElementsByClassName(\"mySlides\"); let dots = document.getElementsByClassName(\"dot\"); for (i = 0; i < slides.length; i++) { slides[i].style.display = \"none\"; } indiceDiapo++; if (indiceDiapo > slides.length) {indiceDiapo = 1} for (i = 0; i < dots.length; i++) { dots[i].className = dots[i].className.replace(\" active\", \"\"); } slides[indiceDiapo-1].style.display = \"block\"; dots[indiceDiapo-1].className += \" active\"; setTimeout(muestraDiapo, 3000); }<\/script> --><\/p>\n<p><script>document.getElementsByClassName(\"lista\")[0].style.display = \"none\"<\/script><br \/>\n<script>document.getElementsByClassName(\"lista\")[1].style.display = \"none\"<\/script><br \/>\n<script>document.getElementsByClassName(\"lista\")[2].style.display = \"none\"<\/script><br \/>\n<!-- <script>document.getElementsByClassName(\"grid-container grid-parent\")[0].style.display = \"none\"<\/script>\n<script>document.getElementsByClassName(\"grid-container grid-parent\")[1].style.display = \"none\"<\/script>\n<script>document.getElementsByClassName(\"grid-container grid-parent\")[2].style.display = \"none\"<\/script> --><br \/>\n<script>document.getElementsByClassName(\"noticias_redinfod\")[0].style.display = \"none\"<\/script><br \/>\n<script>document.getElementsByClassName(\"noticias_redinfod\")[1].style.display = \"none\"<\/script><br \/>\n<script>document.getElementsByClassName(\"noticias_redinfod\")[2].style.display = \"none\"<\/script><br \/>\n<!-- <script>document.getElementsByClassName(\"grid-container grid-parent\")[3].style.display = \"none\"<\/script>\n<script>document.getElementsByClassName(\"grid-container grid-parent\")[5].style.display = \"none\"<\/script> --><\/p>\n","protected":false},"excerpt":{"rendered":"<p>Frente al ataque brutal e in\u00e9dito que est\u00e1 sufriendo la educaci\u00f3n p\u00fablica por parte del gobierno de Javier Milei, el Consejo Directivo del IES N\u00b01 \u00abDra. Alicia Moreau de Justo\u00bb adhiere y convoca a la Marcha Federal Universitaria que se realizar\u00e1 el pr\u00f3ximo martes 23\/04 a las 15.30hs desde el Congreso Nacional hasta Plaza de &#8230; <a title=\"Pronunciamiento CD &#8211; Abril 2024\" class=\"read-more\" href=\"https:\/\/ies1-caba.infd.edu.ar\/sitio\/pronunciamiento-cd-abril-2024\/\" aria-label=\"More on Pronunciamiento CD &#8211; Abril 2024\">[+]<\/a><\/p>\n","protected":false},"author":522,"featured_media":0,"parent":0,"menu_order":0,"comment_status":"closed","ping_status":"closed","template":"","meta":[],"acf":[],"_links":{"self":[{"href":"https:\/\/ies1-caba.infd.edu.ar\/sitio\/wp-json\/wp\/v2\/pages\/1800"}],"collection":[{"href":"https:\/\/ies1-caba.infd.edu.ar\/sitio\/wp-json\/wp\/v2\/pages"}],"about":[{"href":"https:\/\/ies1-caba.infd.edu.ar\/sitio\/wp-json\/wp\/v2\/types\/page"}],"author":[{"embeddable":true,"href":"https:\/\/ies1-caba.infd.edu.ar\/sitio\/wp-json\/wp\/v2\/users\/522"}],"replies":[{"embeddable":true,"href":"https:\/\/ies1-caba.infd.edu.ar\/sitio\/wp-json\/wp\/v2\/comments?post=1800"}],"version-history":[{"count":3,"href":"https:\/\/ies1-caba.infd.edu.ar\/sitio\/wp-json\/wp\/v2\/pages\/1800\/revisions"}],"predecessor-version":[{"id":12231,"href":"https:\/\/ies1-caba.infd.edu.ar\/sitio\/wp-json\/wp\/v2\/pages\/1800\/revisions\/12231"}],"wp:attachment":[{"href":"https:\/\/ies1-caba.infd.edu.ar\/sitio\/wp-json\/wp\/v2\/media?parent=1800"}],"curies":[{"name":"wp","href":"https:\/\/api.w.org\/{rel}","templated":true}]}}