{"id":13439,"date":"2025-02-21T10:18:31","date_gmt":"2025-02-21T13:18:31","guid":{"rendered":"https:\/\/ies1-caba.infd.edu.ar\/sitio\/?page_id=13439"},"modified":"2025-03-10T19:25:36","modified_gmt":"2025-03-10T22:25:36","slug":"plan-de-estudio-del-profesorado-en-filosofia","status":"publish","type":"page","link":"https:\/\/ies1-caba.infd.edu.ar\/sitio\/plan-de-estudio-del-profesorado-en-filosofia\/","title":{"rendered":"Plan de estudio del Profesorado en Filosof\u00eda"},"content":{"rendered":"\n<hr class=\"wp-block-separator has-alpha-channel-opacity\"\/>\n\n\n\n<p><\/p>\n\n\n\n<p class=\"has-text-align-center\"><strong><a href=\"https:\/\/ies1-caba.infd.edu.ar\/sitio\/profesorado-en-filosofia-2\/upload\/PLAN_FILOSOFIA_2_sept_15.docx\" data-type=\"URL\" data-id=\"https:\/\/ies1-caba.infd.edu.ar\/sitio\/profesorado-en-filosofia-2\/upload\/PLAN_FILOSOFIA_2_sept_15.docx\" target=\"_blank\" rel=\"noreferrer noopener\">TEXTO COMPLETO DEL PLAN DE ESTUDIOS<\/a><\/strong><\/p>\n\n\n\n<p><\/p>\n\n\n\n<figure class=\"wp-block-table\"><table><tbody><tr><td><strong>Trayectos<\/strong><\/td><td><strong>Nombre de las Materias<\/strong><\/td><td><strong>Duraci\u00f3n<\/strong><\/td><td><strong>Horas<\/strong><\/td><td>&nbsp;<\/td><\/tr><tr><td>C.F.G.<\/td><td>Pedagog\u00eda<\/td><td>Anual<\/td><td>96<\/td><td>&nbsp;<\/td><\/tr><tr><td>C.F.G.<\/td><td>Psicolog\u00eda Educacional<\/td><td>&nbsp;Cuatr.<\/td><td>64<\/td><td>&nbsp;<\/td><\/tr><tr><td>C.F.G.<\/td><td>Sistema y Pol\u00edtica Educativa<\/td><td>&nbsp;Cuatr.&nbsp;<\/td><td>64<\/td><td>&nbsp;<\/td><\/tr><tr><td>C.F.G..<\/td><td>Did\u00e1ctica General<\/td><td>&nbsp;Anual<\/td><td>96&nbsp;<\/td><td>&nbsp;<\/td><\/tr><tr><td>C.F.G.<\/td><td>Nuevas Tecnolog\u00edas<\/td><td>Cuatr.&nbsp;&nbsp;<\/td><td>64<\/td><td>&nbsp;<\/td><\/tr><tr><td>C.F.G.<\/td><td>Lectura, Escritura y Oralidad I<\/td><td>Anual&nbsp;<\/td><td>96<\/td><td>&nbsp;<\/td><\/tr><tr><td>C.F.G..<\/td><td>Metodolog\u00eda de la Investigaci\u00f3n<\/td><td>&nbsp;Anual<\/td><td>96&nbsp;<\/td><td>&nbsp;<\/td><\/tr><tr><td>C.F.G.<\/td><td>Educaci\u00f3n Sexual Integral<\/td><td>Cuatr.&nbsp;<\/td><td>32<\/td><td>&nbsp;<\/td><\/tr><tr><td>C.F.G.<\/td><td>Lectura, Escritura y Oralidad II<\/td><td>&nbsp;&nbsp;Cuatr.<\/td><td>48<\/td><td>&nbsp;<\/td><\/tr><tr><td>C.F.G.<\/td><td>Historia Social de la Educaci\u00f3n<\/td><td>&nbsp;Anual<\/td><td>128<\/td><td>&nbsp;<\/td><\/tr><tr><td>C.F.G.<\/td><td>Fundamentos de Psicolog\u00eda<\/td><td>&nbsp;Anual<\/td><td>128<\/td><td>&nbsp;<\/td><\/tr><tr><td>C.F.G.<\/td><td>Instituciones Educativas<\/td><td>&nbsp;Cuatr.<\/td><td>64&nbsp;<\/td><td>Optativa<\/td><\/tr><tr><td>C.F.G.<\/td><td>Nuevos Escenarios: Cultura, Tecnolog\u00eda y Subjetividad<\/td><td>Cuatr.<\/td><td>64&nbsp;<\/td><td>Optativa<\/td><\/tr><tr><td>C.F.G<\/td><td>Historia de la Educaci\u00f3n Argentina<\/td><td>Cuatr.&nbsp;<\/td><td>64&nbsp;<\/td><td>Optativa<\/td><\/tr><tr><td>C.F.G<\/td><td>Derechos Humanos, Sociedad y Estado<\/td><td>&nbsp;Cuatr.<\/td><td>64&nbsp;<\/td><td>Optativa<\/td><\/tr><tr><td>&nbsp;<\/td><td colspan=\"4\">Los estudiantes deber\u00e1n aprobar 128 horas de materias optativas<\/td><\/tr><tr><td>C.F.E.<\/td><td>Introducci\u00f3n a la Filosof\u00eda<\/td><td>Anual&nbsp;<\/td><td>128&nbsp;<\/td><td>&nbsp;<\/td><\/tr><tr><td>C.F.E.<\/td><td>Antropolog\u00eda Filos\u00f3fica<\/td><td>&nbsp;Cuatr.<\/td><td>64&nbsp;<\/td><td>&nbsp;<\/td><\/tr><tr><td>C.F.E.<\/td><td>Etica<\/td><td>Anual&nbsp;<\/td><td>128<\/td><td>&nbsp;<\/td><\/tr><tr><td>C.F.E.<\/td><td>Est\u00e9tica<\/td><td>Anual<\/td><td>128&nbsp;<\/td><td>&nbsp;<\/td><\/tr><tr><td>C.F.E..<\/td><td>Teor\u00eda del Conocimiento<\/td><td>Anual&nbsp;<\/td><td>128&nbsp;<\/td><td>&nbsp;<\/td><\/tr><tr><td>C.F.E.<\/td><td>Metaf\u00edsica<\/td><td>Anual&nbsp;<\/td><td>128<\/td><td>&nbsp;<\/td><\/tr><tr><td>C.F.E.<\/td><td>Filosof\u00eda de las Ciencias<\/td><td>Anual<\/td><td>128&nbsp;<\/td><td>&nbsp;<\/td><\/tr><tr><td>C.F.E.<\/td><td>L\u00f3gica II<\/td><td>&nbsp;Cuatr.<\/td><td>64&nbsp;<\/td><td>&nbsp;<\/td><\/tr><tr><td>C.F.E.<\/td><td>Filosof\u00eda de la Historia<\/td><td>&nbsp;Cuatr.<\/td><td>64&nbsp;<\/td><td>&nbsp;<\/td><\/tr><tr><td>C.F.E.<\/td><td>Filosof\u00eda Pol\u00edtica<\/td><td>&nbsp;Cuatr.<\/td><td>64&nbsp;<\/td><td>&nbsp;<\/td><\/tr><tr><td>C:F:E<\/td><td>Filosof\u00eda del Lenguaje<\/td><td>Cuatr.<\/td><td>64<\/td><td>Optativa<\/td><\/tr><tr><td>C:F:E:<\/td><td>Historia de la Filosof\u00eda Antigua<\/td><td>Anual<\/td><td>128<\/td><td>&nbsp;<\/td><\/tr><tr><td>C.F.E.<\/td><td>Historia de la Filosof\u00eda Medieval<\/td><td>Anual<\/td><td>128<\/td><td>&nbsp;<\/td><\/tr><tr><td>C.F.E.<\/td><td>Historia de la filosof\u00eda moderna<\/td><td>Anual<\/td><td>128<\/td><td>&nbsp;<\/td><\/tr><tr><td>C.F.E.<\/td><td>Problemas de la Filosof\u00eda Contempor\u00e1nea&nbsp;<\/td><td>Anual<\/td><td>128<\/td><td>&nbsp;<\/td><\/tr><tr><td>C.F.E.<\/td><td>Pensamiento Argentino y Latinoamericano&nbsp;<\/td><td>Anual<\/td><td>128<\/td><td>&nbsp;<\/td><\/tr><tr><td>C.F.E.<\/td><td>Seminario: Filosof\u00eda antigua y medieval<\/td><td>Anual<\/td><td>96<\/td><td>&nbsp;<\/td><\/tr><tr><td>C.F.E.<\/td><td>Seminario: Filosof\u00eda moderna y contempor\u00e1nea<\/td><td>Anual<\/td><td>96<\/td><td>&nbsp;<\/td><\/tr><tr><td>C.F.E.<\/td><td>Sujetos de la educaci\u00f3n: niveles secundario y superior<\/td><td>&nbsp;Cuatr.<\/td><td>64&nbsp;<\/td><td>&nbsp;<\/td><\/tr><tr><td>C.F.E.<\/td><td>L\u00f3gica y Teor\u00eda de la Argumentaci\u00f3n<\/td><td>&nbsp;Anual<\/td><td>128<\/td><td>&nbsp;<\/td><\/tr><tr><td>C.F.E.<\/td><td>Did\u00e1ctica de la filosof\u00eda nivel medio y superior<\/td><td>Anual<\/td><td>128&nbsp;<\/td><td>&nbsp;<\/td><\/tr><tr><td>C.F.E.<\/td><td>Seminario: Filosof\u00eda de la educaci\u00f3n<\/td><td>&nbsp;Anual<\/td><td>96<\/td><td>&nbsp;<\/td><\/tr><tr><td>C.F.E.<\/td><td>Taller de an\u00e1lisis y producci\u00f3n de material did\u00e1ctico<\/td><td>&nbsp;Cuatr.<\/td><td>64&nbsp;<\/td><td>Optativa<\/td><\/tr><tr><td>C.F.E.<\/td><td>Taller de escritura acad\u00e9mica<\/td><td>&nbsp;Cuatr.<\/td><td>64&nbsp;<\/td><td>Optativa<\/td><\/tr><tr><td>&nbsp;<\/td><td colspan=\"4\">Los alumnos deber\u00e1n cumplir y aprobar un m\u00ednimo de 256 horas en materias optativas y\/o electivas pudiendo elegir entre las materias y talleres ofertados por la carrera y otras materias, seminarios y talleres del campo de la formaci\u00f3n espec\u00edfica de los distintos profesorados que se cursan en el IES 1 (Profesorados en Matem\u00e1tica, F\u00edsica, Lengua y Literatura, Psicolog\u00eda e Historia).<\/td><\/tr><tr><td>C:F:P:P:<\/td><td>Espacio de la Pr\u00e1ctica I: Sujetos y contextos de la pr\u00e1ctica<\/td><td>Anual<\/td><td>128<\/td><td>&nbsp;<\/td><\/tr><tr><td>C:F:P:P:<\/td><td>Espacio de la Pr\u00e1ctica II: La clase: intervenci\u00f3n docente en contextos reales<\/td><td>Anual<\/td><td>128<\/td><td>&nbsp;<\/td><\/tr><tr><td>C:F:P:P:<\/td><td>Espacio de la Pr\u00e1ctica III: Residencia pedag\u00f3gica<\/td><td>Anual<\/td><td>128<\/td><td>&nbsp;<\/td><\/tr><\/tbody><\/table><\/figure>\n\n\n\n<p class=\"has-text-align-center\"><a rel=\"noreferrer noopener\" href=\"https:\/\/ies1-caba.infd.edu.ar\/#facebook\" target=\"_blank\"><\/a><\/p>\n\n\n\n<div class=\"wp-block-cover alignfull\" style=\"min-height:197px\"><span aria-hidden=\"true\" class=\"wp-block-cover__background has-background-dim-0 has-background-dim\"><\/span><img decoding=\"async\" loading=\"lazy\" width=\"1100\" height=\"185\" class=\"wp-block-cover__image-background wp-image-13666\" alt=\"\" src=\"https:\/\/ies1-caba.infd.edu.ar\/sitio\/wp-content\/uploads\/2025\/03\/bannerinf-2.png\" data-object-fit=\"cover\" srcset=\"https:\/\/ies1-caba.infd.edu.ar\/sitio\/wp-content\/uploads\/2025\/03\/bannerinf-2.png 1100w, https:\/\/ies1-caba.infd.edu.ar\/sitio\/wp-content\/uploads\/2025\/03\/bannerinf-2-1000x168.png 1000w, https:\/\/ies1-caba.infd.edu.ar\/sitio\/wp-content\/uploads\/2025\/03\/bannerinf-2-768x129.png 768w\" sizes=\"(max-width: 1100px) 100vw, 1100px\" \/><div class=\"wp-block-cover__inner-container\">\n<div class=\"wp-block-group alignfull has-background-color is-layout-constrained\" style=\"margin-top:0;margin-bottom:0;padding-top:var(--wp--preset--spacing--40);padding-right:var(--wp--preset--spacing--30);padding-bottom:var(--wp--preset--spacing--40);padding-left:var(--wp--preset--spacing--30)\"><div class=\"wp-block-group__inner-container\">\n<p class=\"has-text-align-center\"><a href=\"https:\/\/ies1-caba.infd.edu.ar\/sitio\/wp-admin\/post.php?post=12571&amp;action=edit#site-title-pseudo-link\">IES N\u00b01 \u00abDra. Alicia Moreau de Justo\u00bb<\/a><\/p>\n\n\n\n<p class=\"has-text-align-center has-small-font-size\"><strong> Av. C\u00f3rdoba 2016, CABA&nbsp;<br><a href=\"iesamjusto@bue.edu.ar\">iesamjusto@bue.edu.ar<\/a> <\/strong><\/p>\n\n\n\n<p class=\"has-text-align-center\">Educaci\u00f3n P\u00fablica y Gratuita <\/p>\n<\/div><\/div>\n<\/div><\/div>\n","protected":false},"excerpt":{"rendered":"<p>TEXTO COMPLETO DEL PLAN DE ESTUDIOS Trayectos Nombre de las Materias Duraci\u00f3n Horas &nbsp; C.F.G. Pedagog\u00eda Anual 96 &nbsp; C.F.G. Psicolog\u00eda Educacional &nbsp;Cuatr. 64 &nbsp; C.F.G. Sistema y Pol\u00edtica Educativa &nbsp;Cuatr.&nbsp; 64 &nbsp; C.F.G.. Did\u00e1ctica General &nbsp;Anual 96&nbsp; &nbsp; C.F.G. Nuevas Tecnolog\u00edas Cuatr.&nbsp;&nbsp; 64 &nbsp; C.F.G. Lectura, Escritura y Oralidad I Anual&nbsp; 96 &nbsp; C.F.G.. &#8230; <a title=\"Plan de estudio del Profesorado en Filosof\u00eda\" class=\"read-more\" href=\"https:\/\/ies1-caba.infd.edu.ar\/sitio\/plan-de-estudio-del-profesorado-en-filosofia\/\" aria-label=\"More on Plan de estudio del Profesorado en Filosof\u00eda\">[+]<\/a><\/p>\n","protected":false},"author":11703,"featured_media":0,"parent":0,"menu_order":0,"comment_status":"closed","ping_status":"closed","template":"","meta":[],"acf":[],"_links":{"self":[{"href":"https:\/\/ies1-caba.infd.edu.ar\/sitio\/wp-json\/wp\/v2\/pages\/13439"}],"collection":[{"href":"https:\/\/ies1-caba.infd.edu.ar\/sitio\/wp-json\/wp\/v2\/pages"}],"about":[{"href":"https:\/\/ies1-caba.infd.edu.ar\/sitio\/wp-json\/wp\/v2\/types\/page"}],"author":[{"embeddable":true,"href":"https:\/\/ies1-caba.infd.edu.ar\/sitio\/wp-json\/wp\/v2\/users\/11703"}],"replies":[{"embeddable":true,"href":"https:\/\/ies1-caba.infd.edu.ar\/sitio\/wp-json\/wp\/v2\/comments?post=13439"}],"version-history":[{"count":2,"href":"https:\/\/ies1-caba.infd.edu.ar\/sitio\/wp-json\/wp\/v2\/pages\/13439\/revisions"}],"predecessor-version":[{"id":13955,"href":"https:\/\/ies1-caba.infd.edu.ar\/sitio\/wp-json\/wp\/v2\/pages\/13439\/revisions\/13955"}],"wp:attachment":[{"href":"https:\/\/ies1-caba.infd.edu.ar\/sitio\/wp-json\/wp\/v2\/media?parent=13439"}],"curies":[{"name":"wp","href":"https:\/\/api.w.org\/{rel}","templated":true}]}}